{"id":1250,"date":"2022-04-29T14:19:55","date_gmt":"2022-04-29T12:19:55","guid":{"rendered":"https:\/\/www.keltska-noc.cz\/?page_id=1250"},"modified":"2026-02-10T11:35:19","modified_gmt":"2026-02-10T10:35:19","slug":"kontakt","status":"publish","type":"page","link":"https:\/\/www.keltska-noc.cz\/en\/kontakt\/","title":{"rendered":"CONTACT"},"content":{"rendered":"<p>[et_pb_section fb_built=&#8220;1&#8243; fullwidth=&#8220;on&#8220; admin_label=&#8220;SLIDER&#8220; _builder_version=&#8220;4.17.3&#8243; _module_preset=&#8220;default&#8220; background_color=&#8220;#000000&#8243; positioning=&#8220;absolute&#8220; global_colors_info=&#8220;{}&#8220;][et_pb_fullwidth_slider show_arrows=&#8220;off&#8220; show_pagination=&#8220;off&#8220; admin_label=&#8220;Tu\u010dn\u00fd posuvn\u00edk&#8220; _builder_version=&#8220;4.20.0&#8243; _module_preset=&#8220;default&#8220; background_color=&#8220;RGBA(255,255,255,0)&#8220; min_height=&#8220;1080px&#8220; min_height_tablet=&#8220;1080px&#8220; min_height_phone=&#8220;700px&#8220; min_height_last_edited=&#8220;on|phone&#8220; auto=&#8220;on&#8220; auto_ignore_hover=&#8220;on&#8220; global_colors_info=&#8220;{}&#8220;][et_pb_slide admin_title=&#8220;bran_fletnistka&#8220; _builder_version=&#8220;4.20.0&#8243; _module_preset=&#8220;default&#8220; background_color=&#8220;RGBA(255,255,255,0)&#8220; background_enable_color=&#8220;on&#8220; use_background_color_gradient=&#8220;on&#8220; background_color_gradient_stops=&#8220;rgba(255,255,255,0) 50%|#000000 95%&#8220; background_color_gradient_overlays_image=&#8220;on&#8220; background_image=&#8220;https:\/\/www.keltska-noc.cz\/wp-content\/uploads\/2023\/04\/bran_fletnistka.jpg&#8220; background_enable_image=&#8220;on&#8220; global_colors_info=&#8220;{}&#8220; sticky_transition=&#8220;on&#8220;][\/et_pb_slide][et_pb_slide admin_title=&#8220;bran_kytara&#8220; _builder_version=&#8220;4.20.0&#8243; _module_preset=&#8220;default&#8220; background_color=&#8220;RGBA(255,255,255,0)&#8220; background_enable_color=&#8220;on&#8220; use_background_color_gradient=&#8220;on&#8220; background_color_gradient_stops=&#8220;rgba(255,255,255,0) 50%|#000000 95%&#8220; background_color_gradient_overlays_image=&#8220;on&#8220; background_image=&#8220;https:\/\/www.keltska-noc.cz\/wp-content\/uploads\/2023\/04\/bran_kytara.jpg&#8220; background_enable_image=&#8220;on&#8220; global_colors_info=&#8220;{}&#8220; sticky_transition=&#8220;on&#8220;][\/et_pb_slide][et_pb_slide admin_title=&#8220;parcifal_zena&#8220; _builder_version=&#8220;4.20.0&#8243; _module_preset=&#8220;default&#8220; background_color=&#8220;RGBA(255,255,255,0)&#8220; background_enable_color=&#8220;on&#8220; use_background_color_gradient=&#8220;on&#8220; background_color_gradient_stops=&#8220;rgba(255,255,255,0) 50%|#000000 95%&#8220; background_color_gradient_overlays_image=&#8220;on&#8220; background_image=&#8220;https:\/\/www.keltska-noc.cz\/wp-content\/uploads\/2023\/04\/parcifal_zena.jpg&#8220; background_enable_image=&#8220;on&#8220; global_colors_info=&#8220;{}&#8220; sticky_transition=&#8220;on&#8220;][\/et_pb_slide][et_pb_slide admin_title=&#8220;celtica_modra&#8220; _builder_version=&#8220;4.20.0&#8243; _module_preset=&#8220;default&#8220; background_color=&#8220;RGBA(255,255,255,0)&#8220; background_enable_color=&#8220;on&#8220; use_background_color_gradient=&#8220;on&#8220; background_color_gradient_stops=&#8220;rgba(255,255,255,0) 50%|#000000 95%&#8220; background_color_gradient_overlays_image=&#8220;on&#8220; background_image=&#8220;https:\/\/www.keltska-noc.cz\/wp-content\/uploads\/2023\/04\/celtica_modra.jpg&#8220; background_enable_image=&#8220;on&#8220; global_colors_info=&#8220;{}&#8220; sticky_transition=&#8220;on&#8220;][\/et_pb_slide][et_pb_slide admin_title=&#8220;zamek_barva&#8220; _builder_version=&#8220;4.20.0&#8243; _module_preset=&#8220;default&#8220; background_color=&#8220;RGBA(255,255,255,0)&#8220; background_enable_color=&#8220;on&#8220; use_background_color_gradient=&#8220;on&#8220; background_color_gradient_stops=&#8220;rgba(255,255,255,0) 50%|#000000 95%&#8220; background_color_gradient_overlays_image=&#8220;on&#8220; background_image=&#8220;https:\/\/www.keltska-noc.cz\/wp-content\/uploads\/2023\/04\/zamek_barva.jpg&#8220; background_enable_image=&#8220;on&#8220; global_colors_info=&#8220;{}&#8220; sticky_transition=&#8220;on&#8220;][\/et_pb_slide][\/et_pb_fullwidth_slider][\/et_pb_section][et_pb_section fb_built=&#8220;1&#8243; admin_label=&#8220;LOGO MASK&#8220; _builder_version=&#8220;4.17.3&#8243; _module_preset=&#8220;default&#8220; background_color=&#8220;RGBA(255,255,255,0)&#8220; custom_padding=&#8220;0px||0px||false|false&#8220; global_colors_info=&#8220;{}&#8220;][et_pb_row _builder_version=&#8220;4.17.3&#8243; _module_preset=&#8220;default&#8220; background_color=&#8220;RGBA(255,255,255,0)&#8220; min_height=&#8220;1080px&#8220; min_height_tablet=&#8220;1080px&#8220; min_height_phone=&#8220;700px&#8220; min_height_last_edited=&#8220;on|phone&#8220; custom_padding=&#8220;0px||0px||false|false&#8220; global_colors_info=&#8220;{}&#8220;][et_pb_column type=&#8220;4_4&#8243; _builder_version=&#8220;4.17.3&#8243; _module_preset=&#8220;default&#8220; global_colors_info=&#8220;{}&#8220;][et_pb_image src=&#8220;https:\/\/www.keltska-noc.cz\/wp-content\/uploads\/2023\/04\/CZ-LOGO-MASKA.png&#8220; title_text=&#8220;CZ-LOGO-MASKA&#8220; align=&#8220;center&#8220; _builder_version=&#8220;4.19.5&#8243; _module_preset=&#8220;default&#8220; animation_style=&#8220;zoom&#8220; animation_direction=&#8220;top&#8220; animation_intensity_zoom=&#8220;20%&#8220; global_colors_info=&#8220;{}&#8220;][\/et_pb_image][et_pb_image src=&#8220;https:\/\/www.keltska-noc.cz\/wp-content\/uploads\/2023\/04\/ROCNIK_CZ.png&#8220; title_text=&#8220;ROCNIK_CZ&#8220; align=&#8220;center&#8220; _builder_version=&#8220;4.17.4&#8243; _module_preset=&#8220;default&#8220; max_height=&#8220;220px&#8220; animation_style=&#8220;zoom&#8220; animation_direction=&#8220;top&#8220; animation_intensity_zoom=&#8220;20%&#8220; locked=&#8220;off&#8220; global_colors_info=&#8220;{}&#8220;][\/et_pb_image][\/et_pb_column][\/et_pb_row][\/et_pb_section][et_pb_section fb_built=&#8220;1&#8243; admin_label=&#8220;BLACK DIVIDER&#8220; _builder_version=&#8220;4.17.3&#8243; _module_preset=&#8220;default&#8220; background_color=&#8220;#000000&#8243; custom_padding=&#8220;0px||||false|false&#8220; locked=&#8220;off&#8220; global_colors_info=&#8220;{}&#8220;][et_pb_row column_structure=&#8220;1_3,1_3,1_3&#8243; _builder_version=&#8220;4.17.3&#8243; _module_preset=&#8220;default&#8220; custom_padding=&#8220;0px||||false|false&#8220; global_colors_info=&#8220;{}&#8220;][et_pb_column type=&#8220;1_3&#8243; _builder_version=&#8220;4.17.3&#8243; _module_preset=&#8220;default&#8220; global_colors_info=&#8220;{}&#8220;][et_pb_image src=&#8220;https:\/\/www.keltska-noc.cz\/wp-content\/uploads\/2023\/04\/olomoucky_kraj_bw.png&#8220; alt=&#8220;olomouck\u00fd kraj&#8220; title_text=&#8220;olomoucky_kraj_bw&#8220; url=&#8220;https:\/\/www.olkraj.cz&#8220; url_new_window=&#8220;on&#8220; align=&#8220;center&#8220; _builder_version=&#8220;4.20.4&#8243; _module_preset=&#8220;default&#8220; animation_style=&#8220;slide&#8220; animation_direction=&#8220;bottom&#8220; animation_intensity_slide=&#8220;20%&#8220; global_colors_info=&#8220;{}&#8220;][\/et_pb_image][\/et_pb_column][et_pb_column type=&#8220;1_3&#8243; _builder_version=&#8220;4.17.3&#8243; _module_preset=&#8220;default&#8220; global_colors_info=&#8220;{}&#8220;][et_pb_image src=&#8220;https:\/\/www.keltska-noc.cz\/wp-content\/uploads\/2023\/04\/prostejov_bw.png&#8220; alt=&#8220;statut\u00e1rn\u00ed m\u011bsto prost\u011bjov&#8220; title_text=&#8220;prostejov_bw&#8220; url=&#8220;https:\/\/www.prostejov.eu\/&#8220; url_new_window=&#8220;on&#8220; align=&#8220;center&#8220; _builder_version=&#8220;4.20.4&#8243; _module_preset=&#8220;default&#8220; animation_style=&#8220;slide&#8220; animation_direction=&#8220;bottom&#8220; animation_intensity_slide=&#8220;20%&#8220; global_colors_info=&#8220;{}&#8220;][\/et_pb_image][\/et_pb_column][et_pb_column type=&#8220;1_3&#8243; _builder_version=&#8220;4.17.3&#8243; _module_preset=&#8220;default&#8220; global_colors_info=&#8220;{}&#8220;][et_pb_image src=&#8220;https:\/\/www.keltska-noc.cz\/wp-content\/uploads\/2023\/04\/plumlov_bw.png&#8220; alt=&#8220;m\u011bsto plumlov&#8220; title_text=&#8220;plumlov_bw&#8220; url=&#8220;https:\/\/www.mestoplumlov.cz\/&#8220; url_new_window=&#8220;on&#8220; align=&#8220;center&#8220; _builder_version=&#8220;4.20.4&#8243; _module_preset=&#8220;default&#8220; animation_style=&#8220;slide&#8220; animation_direction=&#8220;bottom&#8220; animation_intensity_slide=&#8220;20%&#8220; global_colors_info=&#8220;{}&#8220;][\/et_pb_image][\/et_pb_column][\/et_pb_row][et_pb_row _builder_version=&#8220;4.17.3&#8243; _module_preset=&#8220;default&#8220; custom_padding=&#8220;||0px||false|false&#8220; locked=&#8220;off&#8220; global_colors_info=&#8220;{}&#8220;][et_pb_column type=&#8220;4_4&#8243; _builder_version=&#8220;4.17.3&#8243; _module_preset=&#8220;default&#8220; global_colors_info=&#8220;{}&#8220;][et_pb_text _builder_version=&#8220;4.27.4&#8243; _module_preset=&#8220;default&#8220; header_4_font=&#8220;|||on|||||&#8220; header_4_text_align=&#8220;center&#8220; header_4_text_color=&#8220;#ffffff&#8220; header_4_line_height=&#8220;1.5em&#8220; header_5_text_align=&#8220;center&#8220; header_5_text_color=&#8220;#ffffff&#8220; header_5_font_size=&#8220;18px&#8220; header_5_line_height=&#8220;1.5em&#8220; animation_style=&#8220;slide&#8220; animation_direction=&#8220;bottom&#8220; animation_intensity_slide=&#8220;20%&#8220; global_colors_info=&#8220;{}&#8220;]<\/p>\n<h5>AKCE SE KON\u00c1 ZA FINAN\u010cN\u00cd SPOLU\u00da\u010cASTI OLOMOUCK\u00c9HO KRAJE, STATUT\u00c1RN\u00cdHO M\u011aSTA PROST\u011aJOVA A M\u011aSTA PLUMLOVA.<br \/>Z\u00c1\u0160TITU NAD FESTIVALEM P\u0158EVZAL HEJTMAN OLOMOUCK\u00c9HO KRAJE <span>LADISLAV OKLE\u0160T\u011aK<\/span> A VELVYSLANEC IRSKA V \u010cESK\u00c9 REPUBLICE J.E. ALAN GIBBONS.<\/h5>\n<p>[\/et_pb_text][\/et_pb_column][\/et_pb_row][et_pb_row column_structure=&#8220;1_2,1_2&#8243; _builder_version=&#8220;4.24.2&#8243; _module_preset=&#8220;default&#8220; custom_padding=&#8220;||0px||false|false&#8220; locked=&#8220;off&#8220; global_colors_info=&#8220;{}&#8220;][et_pb_column type=&#8220;1_2&#8243; _builder_version=&#8220;4.17.3&#8243; _module_preset=&#8220;default&#8220; global_colors_info=&#8220;{}&#8220;][et_pb_image src=&#8220;https:\/\/www.keltska-noc.cz\/wp-content\/uploads\/2024\/03\/EFFE-LABEL-colour.png&#8220; alt=&#8220;EFFE LABEL 2024-2025&#8243; title_text=&#8220;EFFE-LABEL-colour&#8220; url=&#8220;https:\/\/www.festivalfinder.eu\/festivals\/celtic-night-3&#8243; url_new_window=&#8220;on&#8220; align=&#8220;center&#8220; _builder_version=&#8220;4.27.4&#8243; _module_preset=&#8220;default&#8220; animation_style=&#8220;slide&#8220; animation_direction=&#8220;bottom&#8220; animation_intensity_slide=&#8220;20%&#8220; global_colors_info=&#8220;{}&#8220;][\/et_pb_image][\/et_pb_column][et_pb_column type=&#8220;1_2&#8243; _builder_version=&#8220;4.17.3&#8243; _module_preset=&#8220;default&#8220; global_colors_info=&#8220;{}&#8220;][et_pb_image src=&#8220;https:\/\/www.keltska-noc.cz\/wp-content\/uploads\/2025\/04\/Cena-Ol-kraje-colour.png&#8220; alt=&#8220;Cena Olomouck\u00e9ho kraje&#8220; title_text=&#8220;Cena-Ol-kraje-colour&#8220; url=&#8220;https:\/\/cenykraje.cz\/rocnik\/2024-kultura&#8220; url_new_window=&#8220;on&#8220; align=&#8220;center&#8220; _builder_version=&#8220;4.27.4&#8243; _module_preset=&#8220;default&#8220; animation_style=&#8220;slide&#8220; animation_direction=&#8220;bottom&#8220; animation_intensity_slide=&#8220;20%&#8220; global_colors_info=&#8220;{}&#8220;][\/et_pb_image][\/et_pb_column][\/et_pb_row][\/et_pb_section][et_pb_section fb_built=&#8220;1&#8243; _builder_version=&#8220;4.17.3&#8243; _module_preset=&#8220;default&#8220; background_color=&#8220;RGBA(255,255,255,0)&#8220; use_background_color_gradient=&#8220;on&#8220; background_color_gradient_stops=&#8220;#000000 0%|rgba(255,255,255,0) 25%&#8220; custom_padding=&#8220;0px||||false|false&#8220; global_colors_info=&#8220;{}&#8220;][et_pb_row _builder_version=&#8220;4.17.3&#8243; _module_preset=&#8220;default&#8220; locked=&#8220;off&#8220; global_colors_info=&#8220;{}&#8220;][et_pb_column type=&#8220;4_4&#8243; _builder_version=&#8220;4.17.3&#8243; _module_preset=&#8220;default&#8220; global_colors_info=&#8220;{}&#8220;][et_pb_image src=&#8220;https:\/\/www.keltska-noc.cz\/wp-content\/uploads\/2023\/04\/DECO-SPIRAL.png&#8220; title_text=&#8220;DECO-SPIRAL&#8220; align=&#8220;center&#8220; _builder_version=&#8220;4.19.5&#8243; _module_preset=&#8220;default&#8220; global_colors_info=&#8220;{}&#8220;][\/et_pb_image][et_pb_divider color=&#8220;#DDB373&#8243; divider_weight=&#8220;1px&#8220; _builder_version=&#8220;4.19.5&#8243; _module_preset=&#8220;default&#8220; global_colors_info=&#8220;{}&#8220;][\/et_pb_divider][\/et_pb_column][\/et_pb_row][et_pb_row column_structure=&#8220;2_3,1_3&#8243; _builder_version=&#8220;4.17.3&#8243; _module_preset=&#8220;default&#8220; global_colors_info=&#8220;{}&#8220;][et_pb_column type=&#8220;2_3&#8243; _builder_version=&#8220;4.17.3&#8243; _module_preset=&#8220;default&#8220; global_colors_info=&#8220;{}&#8220;][et_pb_contact_form use_spam_service=&#8220;on&#8220; recaptcha_list=&#8220;KN|KN-0&#8243; recaptcha_min_score=&#8220;0.7&#8243; email=&#8220;ddvorsky7@gmail.com&#8220; title=&#8220;NAPI\u0160TE N\u00c1M!&#8220; custom_message=&#8220;%%Name%%||et_pb_line_break_holder||%%Email%%||et_pb_line_break_holder||%%Message%%||et_pb_line_break_holder||&#8220; success_message=&#8220;Zpr\u00e1va odesl\u00e1na \/ Message sent&#8220; _builder_version=&#8220;4.17.3&#8243; _module_preset=&#8220;default&#8220; _unique_id=&#8220;5508a9f7-4211-49cf-a3b9-498849081079&#8243; form_field_background_color=&#8220;rgba(255,255,255,0.5)&#8220; form_field_text_color=&#8220;#00592E&#8220; form_field_focus_background_color=&#8220;#DDD2B8&#8243; form_field_focus_text_color=&#8220;#000000&#8243; title_font_size=&#8220;30px&#8220; title_letter_spacing=&#8220;3px&#8220; form_field_font=&#8220;|600|||||||&#8220; custom_button=&#8220;on&#8220; button_text_size=&#8220;15px&#8220; button_border_width=&#8220;1px&#8220; button_letter_spacing=&#8220;1px&#8220; button_font=&#8220;|||on|||||&#8220; hover_enabled=&#8220;0&#8243; global_colors_info=&#8220;{}&#8220; sticky_enabled=&#8220;0&#8243;][et_pb_contact_field field_id=&#8220;Name&#8220; field_title=&#8220;Jm\u00e9no a P\u0159\u00edjmen\u00ed&#8220; _builder_version=&#8220;4.17.3&#8243; form_field_font=&#8220;||||||||&#8220; global_colors_info=&#8220;{}&#8220; button_text_size__hover_enabled=&#8220;off&#8220; button_one_text_size__hover_enabled=&#8220;off&#8220; button_two_text_size__hover_enabled=&#8220;off&#8220; button_text_color__hover_enabled=&#8220;off&#8220; button_one_text_color__hover_enabled=&#8220;off&#8220; button_two_text_color__hover_enabled=&#8220;off&#8220; button_border_width__hover_enabled=&#8220;off&#8220; button_one_border_width__hover_enabled=&#8220;off&#8220; button_two_border_width__hover_enabled=&#8220;off&#8220; button_border_color__hover_enabled=&#8220;off&#8220; button_one_border_color__hover_enabled=&#8220;off&#8220; button_two_border_color__hover_enabled=&#8220;off&#8220; button_border_radius__hover_enabled=&#8220;off&#8220; button_one_border_radius__hover_enabled=&#8220;off&#8220; button_two_border_radius__hover_enabled=&#8220;off&#8220; button_letter_spacing__hover_enabled=&#8220;off&#8220; button_one_letter_spacing__hover_enabled=&#8220;off&#8220; button_two_letter_spacing__hover_enabled=&#8220;off&#8220; button_bg_color__hover_enabled=&#8220;off&#8220; button_one_bg_color__hover_enabled=&#8220;off&#8220; button_two_bg_color__hover_enabled=&#8220;off&#8220;][\/et_pb_contact_field][et_pb_contact_field field_id=&#8220;Email&#8220; field_title=&#8220;E-mailov\u00e1 adresa&#8220; field_type=&#8220;email&#8220; _builder_version=&#8220;4.17.3&#8243; global_colors_info=&#8220;{}&#8220; button_text_size__hover_enabled=&#8220;off&#8220; button_one_text_size__hover_enabled=&#8220;off&#8220; button_two_text_size__hover_enabled=&#8220;off&#8220; button_text_color__hover_enabled=&#8220;off&#8220; button_one_text_color__hover_enabled=&#8220;off&#8220; button_two_text_color__hover_enabled=&#8220;off&#8220; button_border_width__hover_enabled=&#8220;off&#8220; button_one_border_width__hover_enabled=&#8220;off&#8220; button_two_border_width__hover_enabled=&#8220;off&#8220; button_border_color__hover_enabled=&#8220;off&#8220; button_one_border_color__hover_enabled=&#8220;off&#8220; button_two_border_color__hover_enabled=&#8220;off&#8220; button_border_radius__hover_enabled=&#8220;off&#8220; button_one_border_radius__hover_enabled=&#8220;off&#8220; button_two_border_radius__hover_enabled=&#8220;off&#8220; button_letter_spacing__hover_enabled=&#8220;off&#8220; button_one_letter_spacing__hover_enabled=&#8220;off&#8220; button_two_letter_spacing__hover_enabled=&#8220;off&#8220; button_bg_color__hover_enabled=&#8220;off&#8220; button_one_bg_color__hover_enabled=&#8220;off&#8220; button_two_bg_color__hover_enabled=&#8220;off&#8220;][\/et_pb_contact_field][et_pb_contact_field field_id=&#8220;Message&#8220; field_title=&#8220;Napi\u0161te zpr\u00e1vu&#8220; field_type=&#8220;text&#8220; fullwidth_field=&#8220;on&#8220; _builder_version=&#8220;4.17.3&#8243; global_colors_info=&#8220;{}&#8220; button_text_size__hover_enabled=&#8220;off&#8220; button_one_text_size__hover_enabled=&#8220;off&#8220; button_two_text_size__hover_enabled=&#8220;off&#8220; button_text_color__hover_enabled=&#8220;off&#8220; button_one_text_color__hover_enabled=&#8220;off&#8220; button_two_text_color__hover_enabled=&#8220;off&#8220; button_border_width__hover_enabled=&#8220;off&#8220; button_one_border_width__hover_enabled=&#8220;off&#8220; button_two_border_width__hover_enabled=&#8220;off&#8220; button_border_color__hover_enabled=&#8220;off&#8220; button_one_border_color__hover_enabled=&#8220;off&#8220; button_two_border_color__hover_enabled=&#8220;off&#8220; button_border_radius__hover_enabled=&#8220;off&#8220; button_one_border_radius__hover_enabled=&#8220;off&#8220; button_two_border_radius__hover_enabled=&#8220;off&#8220; button_letter_spacing__hover_enabled=&#8220;off&#8220; button_one_letter_spacing__hover_enabled=&#8220;off&#8220; button_two_letter_spacing__hover_enabled=&#8220;off&#8220; button_bg_color__hover_enabled=&#8220;off&#8220; button_one_bg_color__hover_enabled=&#8220;off&#8220; button_two_bg_color__hover_enabled=&#8220;off&#8220;][\/et_pb_contact_field][\/et_pb_contact_form][\/et_pb_column][et_pb_column type=&#8220;1_3&#8243; _builder_version=&#8220;4.17.3&#8243; _module_preset=&#8220;default&#8220; global_colors_info=&#8220;{}&#8220;][et_pb_text _builder_version=&#8220;4.19.5&#8243; _module_preset=&#8220;default&#8220; text_text_color=&#8220;#DDD2B8&#8243; header_letter_spacing=&#8220;3px&#8220; text_orientation=&#8220;center&#8220; global_colors_info=&#8220;{}&#8220;]<\/p>\n<h1 class=\"wpb_wrapper\">KELTSK\u00c1 NOC z.s.<\/h1>\n<p class=\"wpb_wrapper\">Adresa kancel\u00e1\u0159e:<br \/>Plumlov \u010d.p. 165, 798 03 Plumlov<br \/>\u010cesk\u00e1 Republika<br \/>I\u010c: 22688188, DI\u010c: CZ22688188<br \/>telefon: +420 732 237 002<\/p>\n<p class=\"wpb_wrapper\">M\u00edsto kon\u00e1n\u00ed festivalu:<br \/>ATC \u017dralok Plumlov<br \/>Plumlov 43, 798 03 Plumlov<br \/>\u010cesk\u00e1 Republika<\/p>\n<p>[\/et_pb_text][\/et_pb_column][\/et_pb_row][\/et_pb_section][et_pb_section fb_built=&#8220;1&#8243; _builder_version=&#8220;4.17.3&#8243; _module_preset=&#8220;default&#8220; background_color=&#8220;#DDD2B8&#8243; background_image=&#8220;https:\/\/www.keltska-noc.cz\/wp-content\/uploads\/2023\/04\/pexels-scott-webb-2117937.jpg&#8220; background_blend=&#8220;overlay&#8220; custom_padding=&#8220;||||true|false&#8220; global_colors_info=&#8220;{}&#8220;][et_pb_row _builder_version=&#8220;4.17.3&#8243; _module_preset=&#8220;default&#8220; locked=&#8220;off&#8220; global_colors_info=&#8220;{}&#8220;][et_pb_column type=&#8220;4_4&#8243; _builder_version=&#8220;4.17.3&#8243; _module_preset=&#8220;default&#8220; global_colors_info=&#8220;{}&#8220;][et_pb_text _builder_version=&#8220;4.19.5&#8243; _module_preset=&#8220;default&#8220; text_font=&#8220;|||on|||||&#8220; text_text_color=&#8220;#ba8c48&#8243; text_font_size=&#8220;13px&#8220; text_letter_spacing=&#8220;3px&#8220; header_6_text_align=&#8220;center&#8220; header_6_text_color=&#8220;#ba8c48&#8243; header_6_font_size=&#8220;13px&#8220; header_6_letter_spacing=&#8220;3px&#8220; header_6_line_height=&#8220;1.7em&#8220; text_orientation=&#8220;center&#8220; custom_margin=&#8220;||8px|||&#8220; animation_style=&#8220;slide&#8220; animation_direction=&#8220;bottom&#8220; animation_intensity_slide=&#8220;20%&#8220; global_colors_info=&#8220;{}&#8220;]<\/p>\n<h6>P\u0158EDSTAVUJEME<\/h6>\n<p>[\/et_pb_text][et_pb_text _builder_version=&#8220;4.19.5&#8243; _module_preset=&#8220;default&#8220; text_text_color=&#8220;#00592E&#8220; text_font_size=&#8220;30px&#8220; text_letter_spacing=&#8220;3px&#8220; header_4_text_color=&#8220;#00592E&#8220; header_4_font_size=&#8220;30px&#8220; header_4_letter_spacing=&#8220;3px&#8220; text_orientation=&#8220;center&#8220; animation_style=&#8220;slide&#8220; animation_direction=&#8220;bottom&#8220; animation_intensity_slide=&#8220;20%&#8220; global_colors_info=&#8220;{}&#8220;]<\/p>\n<h4>ORGANIZA\u010cN\u00cd T\u00ddM<\/h4>\n<p>[\/et_pb_text][et_pb_divider color=&#8220;#00592E&#8220; divider_weight=&#8220;1px&#8220; _builder_version=&#8220;4.19.5&#8243; _module_preset=&#8220;default&#8220; global_colors_info=&#8220;{}&#8220;][\/et_pb_divider][\/et_pb_column][\/et_pb_row][et_pb_row column_structure=&#8220;1_4,1_4,1_4,1_4&#8243; _builder_version=&#8220;4.17.1&#8243; _module_preset=&#8220;default&#8220; custom_margin=&#8220;||||false|false&#8220; global_colors_info=&#8220;{}&#8220;][et_pb_column type=&#8220;1_4&#8243; _builder_version=&#8220;4.17.1&#8243; _module_preset=&#8220;default&#8220; global_colors_info=&#8220;{}&#8220;][et_pb_blurb title=&#8220;Vladim\u00edr Vit\u00e1sek&#8220; image_icon_background_color=&#8220;RGBA(255,255,255,0)&#8220; image=&#8220;https:\/\/www.keltska-noc.cz\/wp-content\/uploads\/2023\/04\/Vladimir-Vitasek.jpg&#8220; alt=&#8220;Vladim\u00edr Vit\u00e1sek&#8220; content_max_width=&#8220;290px&#8220; _builder_version=&#8220;4.20.4&#8243; _module_preset=&#8220;default&#8220; header_level=&#8220;h2&#8243; header_text_color=&#8220;#00592E&#8220; header_letter_spacing=&#8220;1px&#8220; body_text_color=&#8220;#000000&#8243; body_font_size=&#8220;13px&#8220; background_color=&#8220;RGBA(255,255,255,0)&#8220; text_orientation=&#8220;center&#8220; custom_padding=&#8220;30px|20px|20px|20px|false|true&#8220; animation=&#8220;off&#8220; border_radii=&#8220;on|10px|10px|10px|10px&#8220; border_radii_image=&#8220;on|5px|5px|5px|5px&#8220; box_shadow_style_image=&#8220;preset3&#8243; global_colors_info=&#8220;{}&#8220;]<\/p>\n<p><span>Ekonomick\u00fd \u0159editel, organizace festivalu<br \/><\/span><span>(\u010clen v\u00fdboru KELTSK\u00c1 NOC, z.s.)<\/span><\/p>\n<p>[\/et_pb_blurb][\/et_pb_column][et_pb_column type=&#8220;1_4&#8243; _builder_version=&#8220;4.17.1&#8243; _module_preset=&#8220;default&#8220; global_colors_info=&#8220;{}&#8220;][et_pb_blurb title=&#8220;Tom\u00e1\u0161 Somr&#8220; image_icon_background_color=&#8220;RGBA(255,255,255,0)&#8220; image=&#8220;https:\/\/www.keltska-noc.cz\/wp-content\/uploads\/2023\/04\/Tomas-Somr.jpg&#8220; alt=&#8220;Tom\u00e1\u0161 Somr&#8220; content_max_width=&#8220;290px&#8220; _builder_version=&#8220;4.21.0&#8243; _module_preset=&#8220;default&#8220; header_level=&#8220;h2&#8243; header_text_color=&#8220;#00592E&#8220; header_letter_spacing=&#8220;1px&#8220; body_text_color=&#8220;#000000&#8243; body_font_size=&#8220;13px&#8220; background_color=&#8220;RGBA(255,255,255,0)&#8220; text_orientation=&#8220;center&#8220; custom_padding=&#8220;30px|20px|20px|20px|false|true&#8220; animation=&#8220;off&#8220; border_radii=&#8220;on|10px|10px|10px|10px&#8220; border_radii_image=&#8220;on|5px|5px|5px|5px&#8220; box_shadow_style_image=&#8220;preset3&#8243; global_colors_info=&#8220;{}&#8220;]<\/p>\n<p>Um\u011bleck\u00fd \u0159editel, organizace festivalu<br \/>(\u010clen v\u00fdboru KELTSK\u00c1 NOC, z.s.)<\/p>\n<p>[\/et_pb_blurb][\/et_pb_column][et_pb_column type=&#8220;1_4&#8243; _builder_version=&#8220;4.17.1&#8243; _module_preset=&#8220;default&#8220; global_colors_info=&#8220;{}&#8220;][et_pb_blurb title=&#8220;David Dvorsk\u00fd&#8220; image_icon_background_color=&#8220;RGBA(255,255,255,0)&#8220; image=&#8220;https:\/\/www.keltska-noc.cz\/wp-content\/uploads\/2023\/04\/David-Dvorsky.jpg&#8220; alt=&#8220;David Dvorsk\u00fd&#8220; content_max_width=&#8220;290px&#8220; _builder_version=&#8220;4.20.4&#8243; _module_preset=&#8220;default&#8220; header_level=&#8220;h2&#8243; header_text_color=&#8220;#00592E&#8220; header_letter_spacing=&#8220;1px&#8220; body_text_color=&#8220;#000000&#8243; body_font_size=&#8220;13px&#8220; background_color=&#8220;RGBA(255,255,255,0)&#8220; text_orientation=&#8220;center&#8220; custom_padding=&#8220;30px|20px|20px|20px|false|true&#8220; animation=&#8220;off&#8220; border_radii=&#8220;on|10px|10px|10px|10px&#8220; border_radii_image=&#8220;on|5px|5px|5px|5px&#8220; box_shadow_style_image=&#8220;preset3&#8243; global_colors_info=&#8220;{}&#8220;]<\/p>\n<p>Vizu\u00e1ln\u00ed komunikace, organizace festivalu<br \/>(\u010clen sdru\u017een\u00ed KELTSK\u00c1 NOC, z.s.)<\/p>\n<p>[\/et_pb_blurb][\/et_pb_column][et_pb_column type=&#8220;1_4&#8243; _builder_version=&#8220;4.17.1&#8243; _module_preset=&#8220;default&#8220; global_colors_info=&#8220;{}&#8220;][et_pb_blurb title=&#8220;Petra \u0160merdov\u00e1&#8220; image_icon_background_color=&#8220;RGBA(255,255,255,0)&#8220; image=&#8220;https:\/\/www.keltska-noc.cz\/wp-content\/uploads\/2023\/04\/Petra-Smerdova-2.jpg&#8220; alt=&#8220;Petra \u0160merdov\u00e1&#8220; content_max_width=&#8220;290px&#8220; _builder_version=&#8220;4.21.0&#8243; _module_preset=&#8220;default&#8220; header_level=&#8220;h2&#8243; header_text_color=&#8220;#00592E&#8220; header_letter_spacing=&#8220;1px&#8220; body_text_color=&#8220;#000000&#8243; body_font_size=&#8220;13px&#8220; background_color=&#8220;RGBA(255,255,255,0)&#8220; text_orientation=&#8220;center&#8220; custom_padding=&#8220;30px|20px|20px|20px|false|true&#8220; animation=&#8220;off&#8220; border_radii=&#8220;on|10px|10px|10px|10px&#8220; border_radii_image=&#8220;on|5px|5px|5px|5px&#8220; box_shadow_style_image=&#8220;preset3&#8243; global_colors_info=&#8220;{}&#8220;]<\/p>\n<p>Produk\u010dn\u00ed mana\u017eer, organizace festivalu<\/p>\n<p>[\/et_pb_blurb][\/et_pb_column][\/et_pb_row][et_pb_row _builder_version=&#8220;4.17.3&#8243; _module_preset=&#8220;default&#8220; global_colors_info=&#8220;{}&#8220;][et_pb_column type=&#8220;4_4&#8243; _builder_version=&#8220;4.17.3&#8243; _module_preset=&#8220;default&#8220; global_colors_info=&#8220;{}&#8220;][et_pb_text _builder_version=&#8220;4.17.3&#8243; _module_preset=&#8220;default&#8220; text_text_color=&#8220;#000000&#8243; text_orientation=&#8220;center&#8220; global_colors_info=&#8220;{}&#8220;]<\/p>\n<p>Velk\u00e9 pod\u011bkov\u00e1n\u00ed pat\u0159\u00ed v\u0161em ostatn\u00edm \u010dlen\u016fm realiza\u010dn\u00edho t\u00fdmu Keltsk\u00e9 noci &#8211; zvuka\u0159\u016fm, osv\u011btlova\u010d\u016fm, p\u00f3diov\u00fdm mana\u017eer\u016fm, cel\u00e9mu t\u00fdmu kempu \u017dralok, po\u0159adatel\u016fm, dobrovoln\u00edk\u016fm. D\u011bkujeme za va\u0161e \u00fasil\u00ed a neutuchaj\u00edc\u00ed nad\u0161en\u00ed. Bez v\u00e1s by festival nebyl t\u00edm, \u010d\u00edm ji\u017e po dlouhou dobu je.<\/p>\n<p>[\/et_pb_text][\/et_pb_column][\/et_pb_row][\/et_pb_section][et_pb_section fb_built=&#8220;1&#8243; _builder_version=&#8220;4.17.3&#8243; _module_preset=&#8220;default&#8220; use_background_color_gradient=&#8220;on&#8220; background_color_gradient_stops=&#8220;#003a20 0%|rgba(1,102,0,0.52) 65%&#8220; background_image=&#8220;https:\/\/www.keltska-noc.cz\/wp-content\/uploads\/2023\/04\/pexels-scott-webb-2117937.jpg&#8220; background_blend=&#8220;multiply&#8220; custom_padding=&#8220;||||true|false&#8220; locked=&#8220;off&#8220; global_colors_info=&#8220;{}&#8220;][et_pb_row _builder_version=&#8220;4.17.3&#8243; _module_preset=&#8220;default&#8220; locked=&#8220;off&#8220; global_colors_info=&#8220;{}&#8220;][et_pb_column type=&#8220;4_4&#8243; _builder_version=&#8220;4.17.3&#8243; _module_preset=&#8220;default&#8220; global_colors_info=&#8220;{}&#8220;][et_pb_text _builder_version=&#8220;4.20.4&#8243; _module_preset=&#8220;default&#8220; text_font=&#8220;|||on|||||&#8220; text_text_color=&#8220;#ba8c48&#8243; text_font_size=&#8220;13px&#8220; text_letter_spacing=&#8220;3px&#8220; header_6_text_align=&#8220;center&#8220; header_6_text_color=&#8220;#ba8c48&#8243; header_6_font_size=&#8220;13px&#8220; header_6_letter_spacing=&#8220;3px&#8220; header_6_line_height=&#8220;1.7em&#8220; text_orientation=&#8220;center&#8220; custom_margin=&#8220;||8px|||&#8220; animation_style=&#8220;slide&#8220; animation_direction=&#8220;bottom&#8220; animation_intensity_slide=&#8220;20%&#8220; global_colors_info=&#8220;{}&#8220;]<\/p>\n<h6>INFORMACE<\/h6>\n<p>[\/et_pb_text][et_pb_text _builder_version=&#8220;4.20.4&#8243; _module_preset=&#8220;default&#8220; text_text_color=&#8220;#00592E&#8220; text_font_size=&#8220;30px&#8220; text_letter_spacing=&#8220;3px&#8220; header_4_text_color=&#8220;#DDB373&#8243; header_4_font_size=&#8220;30px&#8220; header_4_letter_spacing=&#8220;3px&#8220; text_orientation=&#8220;center&#8220; animation_style=&#8220;slide&#8220; animation_direction=&#8220;bottom&#8220; animation_intensity_slide=&#8220;20%&#8220; global_colors_info=&#8220;{}&#8220;]<\/p>\n<h4>PRO PRODEJCE<\/h4>\n<p>[\/et_pb_text][et_pb_divider color=&#8220;#DDB373&#8243; divider_weight=&#8220;1px&#8220; _builder_version=&#8220;4.20.4&#8243; _module_preset=&#8220;default&#8220; global_colors_info=&#8220;{}&#8220;][\/et_pb_divider][\/et_pb_column][\/et_pb_row][et_pb_row column_structure=&#8220;1_2,1_2&#8243; _builder_version=&#8220;4.17.1&#8243; _module_preset=&#8220;default&#8220; custom_margin=&#8220;||||false|false&#8220; global_colors_info=&#8220;{}&#8220;][et_pb_column type=&#8220;1_2&#8243; _builder_version=&#8220;4.17.1&#8243; _module_preset=&#8220;default&#8220; global_colors_info=&#8220;{}&#8220;][et_pb_text _builder_version=&#8220;4.20.4&#8243; _module_preset=&#8220;default&#8220; header_4_font=&#8220;|||on|||||&#8220; header_4_text_align=&#8220;center&#8220; header_4_text_color=&#8220;#DDB373&#8243; header_4_line_height=&#8220;1.4em&#8220; locked=&#8220;off&#8220; global_colors_info=&#8220;{}&#8220;]<\/p>\n<h4>MO\u017dNOST ST\u00c1NKOV\u00c9HO PRODEJE NA FESTIVALU<\/h4>\n<p>[\/et_pb_text][et_pb_text _builder_version=&#8220;4.20.4&#8243; _module_preset=&#8220;default&#8220; text_text_color=&#8220;#ffffff&#8220; text_orientation=&#8220;center&#8220; global_colors_info=&#8220;{}&#8220;]Informace pro v\u0161echny z\u00e1jemce o prodej produkt\u016f a slu\u017eeb v are\u00e1lu festivalu v dob\u011b jeho kon\u00e1n\u00ed. V p\u0159\u00edpad\u011b va\u0161eho z\u00e1jmu o prodejn\u00ed m\u00edsto pros\u00edm pi\u0161te po\u017eadavek na e-mail: tom.somr@volny.cz, nebo volejte na telefonn\u00ed \u010d\u00edslo +420 <span>732 237 002<\/span> . V textu e-mailu pros\u00edm popi\u0161te typ produkt\u016f \u010di slu\u017eeb, kter\u00e9 by jste cht\u011bli na festivalu nab\u00edzet, energetickou n\u00e1ro\u010dnost va\u0161ich za\u0159\u00edzen\u00ed, p\u0159edpokl\u00e1dan\u00fd rozm\u011br va\u0161eho st\u00e1nku a dal\u0161\u00ed p\u0159\u00edpadn\u00e9 po\u017eadavky. Nezapome\u0148te uv\u00e9st i sv\u016fj telefonn\u00ed kontakt.<\/p>\n<p>D\u011bkujeme za v\u00e1\u0161 z\u00e1jem.[\/et_pb_text][\/et_pb_column][et_pb_column type=&#8220;1_2&#8243; _builder_version=&#8220;4.17.1&#8243; _module_preset=&#8220;default&#8220; global_colors_info=&#8220;{}&#8220;][et_pb_image src=&#8220;https:\/\/www.keltska-noc.cz\/wp-content\/uploads\/2023\/04\/drum.jpg&#8220; title_text=&#8220;_MG_3829-2&#8243; _builder_version=&#8220;4.20.4&#8243; _module_preset=&#8220;default&#8220; global_colors_info=&#8220;{}&#8220;][\/et_pb_image][\/et_pb_column][\/et_pb_row][\/et_pb_section][et_pb_section fb_built=&#8220;1&#8243; _builder_version=&#8220;4.20.4&#8243; _module_preset=&#8220;default&#8220; background_color=&#8220;RGBA(255,255,255,0)&#8220; use_background_color_gradient=&#8220;on&#8220; background_color_gradient_stops=&#8220;rgba(0,0,0,0.9) 0%|rgba(255,255,255,0) 25%|rgba(255, 255, 255, 0) 75%|rgba(0,0,0,0.9) 99%&#8220; background_image=&#8220;https:\/\/www.keltska-noc.cz\/wp-content\/uploads\/2023\/04\/somr_pistala.jpg&#8220; background_blend=&#8220;multiply&#8220; custom_padding=&#8220;200px||200px||true|false&#8220; top_divider_color=&#8220;#000000&#8243; global_colors_info=&#8220;{}&#8220;][et_pb_row _builder_version=&#8220;4.17.3&#8243; _module_preset=&#8220;default&#8220; global_colors_info=&#8220;{}&#8220;][et_pb_column type=&#8220;4_4&#8243; _builder_version=&#8220;4.17.3&#8243; _module_preset=&#8220;default&#8220; global_colors_info=&#8220;{}&#8220;][et_pb_text _builder_version=&#8220;4.20.4&#8243; _module_preset=&#8220;default&#8220; header_4_text_align=&#8220;center&#8220; header_4_text_color=&#8220;#ffffff&#8220; header_4_font_size=&#8220;30px&#8220; header_4_letter_spacing=&#8220;3px&#8220; animation_style=&#8220;zoom&#8220; animation_direction=&#8220;bottom&#8220; header_4_font_size_tablet=&#8220;30px&#8220; header_4_font_size_phone=&#8220;18px&#8220; header_4_font_size_last_edited=&#8220;on|phone&#8220; locked=&#8220;off&#8220; global_colors_info=&#8220;{}&#8220;]<\/p>\n<h4>P\u0158IJ\u010eTE TO PRO\u017d\u00cdT S N\u00c1MI!<\/h4>\n<p>[\/et_pb_text][\/et_pb_column][\/et_pb_row][\/et_pb_section]<\/p>\n","protected":false},"excerpt":{"rendered":"<p>AKCE SE KON\u00c1 ZA FINAN\u010cN\u00cd SPOLU\u00da\u010cASTI OLOMOUCK\u00c9HO KRAJE, STATUT\u00c1RN\u00cdHO M\u011aSTA PROST\u011aJOVA A M\u011aSTA PLUMLOVA.Z\u00c1\u0160TITU NAD FESTIVALEM P\u0158EVZAL HEJTMAN OLOMOUCK\u00c9HO KRAJE LADISLAV OKLE\u0160T\u011aK A VELVYSLANEC IRSKA V \u010cESK\u00c9 REPUBLICE J.E. ALAN GIBBONS.KELTSK\u00c1 NOC z.s. Adresa kancel\u00e1\u0159e:Plumlov \u010d.p. 165, 798 03 Plumlov\u010cesk\u00e1 RepublikaI\u010c: 22688188, DI\u010c: CZ22688188telefon: +420 732 237 002 M\u00edsto kon\u00e1n\u00ed festivalu:ATC \u017dralok PlumlovPlumlov 43, 798 [&hellip;]<\/p>\n","protected":false},"author":1,"featured_media":0,"parent":0,"menu_order":0,"comment_status":"closed","ping_status":"closed","template":"","meta":{"_et_pb_use_builder":"on","_et_pb_old_content":"","_et_gb_content_width":"","footnotes":""},"class_list":["post-1250","page","type-page","status-publish","hentry"],"yoast_head":"<!-- This site is optimized with the Yoast SEO plugin v27.5 - https:\/\/yoast.com\/product\/yoast-seo-wordpress\/ -->\n<title>KELTSK\u00c1 NOC - KONTAKT<\/title>\n<meta name=\"description\" content=\"Kontakt na po\u0159adatele mezin\u00e1rodn\u00edho hudebn\u00edho festivalu keltsk\u00e9 kultury Keltsk\u00e1 noc p\u0159edstavuj\u00edc\u00ed to nejlep\u0161\u00ed z \u010desk\u00e9 a sv\u011btov\u00e9 sc\u00e9ny.\" \/>\n<meta name=\"robots\" content=\"index, follow, max-snippet:-1, max-image-preview:large, max-video-preview:-1\" \/>\n<link rel=\"canonical\" href=\"https:\/\/www.keltska-noc.cz\/en\/kontakt\/\" \/>\n<meta property=\"og:locale\" content=\"en_GB\" \/>\n<meta property=\"og:type\" content=\"article\" \/>\n<meta property=\"og:title\" content=\"KELTSK\u00c1 NOC - KONTAKT\" \/>\n<meta property=\"og:description\" content=\"Kontakt na po\u0159adatele mezin\u00e1rodn\u00edho hudebn\u00edho festivalu keltsk\u00e9 kultury Keltsk\u00e1 noc p\u0159edstavuj\u00edc\u00ed to nejlep\u0161\u00ed z \u010desk\u00e9 a sv\u011btov\u00e9 sc\u00e9ny.\" \/>\n<meta property=\"og:url\" content=\"https:\/\/www.keltska-noc.cz\/en\/kontakt\/\" \/>\n<meta property=\"og:site_name\" content=\"KELTSK\u00c1 NOC\" \/>\n<meta property=\"article:publisher\" content=\"https:\/\/www.facebook.com\/keltskanocplumlov\" \/>\n<meta property=\"article:modified_time\" content=\"2026-02-10T10:35:19+00:00\" \/>\n<meta name=\"twitter:card\" content=\"summary_large_image\" \/>\n<meta name=\"twitter:site\" content=\"@KeltskaPlumlov\" \/>\n<meta name=\"twitter:label1\" content=\"Estimated reading time\" \/>\n\t<meta name=\"twitter:data1\" content=\"4 minutes\" \/>\n<script type=\"application\/ld+json\" class=\"yoast-schema-graph\">{\"@context\":\"https:\\\/\\\/schema.org\",\"@graph\":[{\"@type\":[\"WebPage\",\"ContactPage\"],\"@id\":\"https:\\\/\\\/www.keltska-noc.cz\\\/kontakt\\\/\",\"url\":\"https:\\\/\\\/www.keltska-noc.cz\\\/kontakt\\\/\",\"name\":\"KELTSK\u00c1 NOC - KONTAKT\",\"isPartOf\":{\"@id\":\"https:\\\/\\\/www.keltska-noc.cz\\\/#website\"},\"datePublished\":\"2022-04-29T12:19:55+00:00\",\"dateModified\":\"2026-02-10T10:35:19+00:00\",\"description\":\"Kontakt na po\u0159adatele mezin\u00e1rodn\u00edho hudebn\u00edho festivalu keltsk\u00e9 kultury Keltsk\u00e1 noc p\u0159edstavuj\u00edc\u00ed to nejlep\u0161\u00ed z \u010desk\u00e9 a sv\u011btov\u00e9 sc\u00e9ny.\",\"breadcrumb\":{\"@id\":\"https:\\\/\\\/www.keltska-noc.cz\\\/kontakt\\\/#breadcrumb\"},\"inLanguage\":\"en-GB\",\"potentialAction\":[{\"@type\":\"ReadAction\",\"target\":[\"https:\\\/\\\/www.keltska-noc.cz\\\/kontakt\\\/\"]}]},{\"@type\":\"BreadcrumbList\",\"@id\":\"https:\\\/\\\/www.keltska-noc.cz\\\/kontakt\\\/#breadcrumb\",\"itemListElement\":[{\"@type\":\"ListItem\",\"position\":1,\"name\":\"Home\",\"item\":\"https:\\\/\\\/www.keltska-noc.cz\\\/\"},{\"@type\":\"ListItem\",\"position\":2,\"name\":\"KONTAKT\"}]},{\"@type\":\"WebSite\",\"@id\":\"https:\\\/\\\/www.keltska-noc.cz\\\/#website\",\"url\":\"https:\\\/\\\/www.keltska-noc.cz\\\/\",\"name\":\"KELTSK\u00c1 NOC\",\"description\":\"mezin\u00e1rodn\u00ed hudebn\u00ed festival\",\"publisher\":{\"@id\":\"https:\\\/\\\/www.keltska-noc.cz\\\/#organization\"},\"potentialAction\":[{\"@type\":\"SearchAction\",\"target\":{\"@type\":\"EntryPoint\",\"urlTemplate\":\"https:\\\/\\\/www.keltska-noc.cz\\\/?s={search_term_string}\"},\"query-input\":{\"@type\":\"PropertyValueSpecification\",\"valueRequired\":true,\"valueName\":\"search_term_string\"}}],\"inLanguage\":\"en-GB\"},{\"@type\":\"Organization\",\"@id\":\"https:\\\/\\\/www.keltska-noc.cz\\\/#organization\",\"name\":\"KELTSK\u00c1 NOC z.s.\",\"url\":\"https:\\\/\\\/www.keltska-noc.cz\\\/\",\"logo\":{\"@type\":\"ImageObject\",\"inLanguage\":\"en-GB\",\"@id\":\"https:\\\/\\\/www.keltska-noc.cz\\\/#\\\/schema\\\/logo\\\/image\\\/\",\"url\":\"https:\\\/\\\/www.keltska-noc.cz\\\/wp-content\\\/uploads\\\/2023\\\/04\\\/CZ-LOGO.webp\",\"contentUrl\":\"https:\\\/\\\/www.keltska-noc.cz\\\/wp-content\\\/uploads\\\/2023\\\/04\\\/CZ-LOGO.webp\",\"width\":227,\"height\":61,\"caption\":\"KELTSK\u00c1 NOC z.s.\"},\"image\":{\"@id\":\"https:\\\/\\\/www.keltska-noc.cz\\\/#\\\/schema\\\/logo\\\/image\\\/\"},\"sameAs\":[\"https:\\\/\\\/www.facebook.com\\\/keltskanocplumlov\",\"https:\\\/\\\/x.com\\\/KeltskaPlumlov\"]}]}<\/script>\n<!-- \/ Yoast SEO plugin. -->","yoast_head_json":{"title":"KELTSK\u00c1 NOC - KONTAKT","description":"Kontakt na po\u0159adatele mezin\u00e1rodn\u00edho hudebn\u00edho festivalu keltsk\u00e9 kultury Keltsk\u00e1 noc p\u0159edstavuj\u00edc\u00ed to nejlep\u0161\u00ed z \u010desk\u00e9 a sv\u011btov\u00e9 sc\u00e9ny.","robots":{"index":"index","follow":"follow","max-snippet":"max-snippet:-1","max-image-preview":"max-image-preview:large","max-video-preview":"max-video-preview:-1"},"canonical":"https:\/\/www.keltska-noc.cz\/en\/kontakt\/","og_locale":"en_GB","og_type":"article","og_title":"KELTSK\u00c1 NOC - KONTAKT","og_description":"Kontakt na po\u0159adatele mezin\u00e1rodn\u00edho hudebn\u00edho festivalu keltsk\u00e9 kultury Keltsk\u00e1 noc p\u0159edstavuj\u00edc\u00ed to nejlep\u0161\u00ed z \u010desk\u00e9 a sv\u011btov\u00e9 sc\u00e9ny.","og_url":"https:\/\/www.keltska-noc.cz\/en\/kontakt\/","og_site_name":"KELTSK\u00c1 NOC","article_publisher":"https:\/\/www.facebook.com\/keltskanocplumlov","article_modified_time":"2026-02-10T10:35:19+00:00","twitter_card":"summary_large_image","twitter_site":"@KeltskaPlumlov","twitter_misc":{"Estimated reading time":"4 minutes"},"schema":{"@context":"https:\/\/schema.org","@graph":[{"@type":["WebPage","ContactPage"],"@id":"https:\/\/www.keltska-noc.cz\/kontakt\/","url":"https:\/\/www.keltska-noc.cz\/kontakt\/","name":"KELTSK\u00c1 NOC - KONTAKT","isPartOf":{"@id":"https:\/\/www.keltska-noc.cz\/#website"},"datePublished":"2022-04-29T12:19:55+00:00","dateModified":"2026-02-10T10:35:19+00:00","description":"Kontakt na po\u0159adatele mezin\u00e1rodn\u00edho hudebn\u00edho festivalu keltsk\u00e9 kultury Keltsk\u00e1 noc p\u0159edstavuj\u00edc\u00ed to nejlep\u0161\u00ed z \u010desk\u00e9 a sv\u011btov\u00e9 sc\u00e9ny.","breadcrumb":{"@id":"https:\/\/www.keltska-noc.cz\/kontakt\/#breadcrumb"},"inLanguage":"en-GB","potentialAction":[{"@type":"ReadAction","target":["https:\/\/www.keltska-noc.cz\/kontakt\/"]}]},{"@type":"BreadcrumbList","@id":"https:\/\/www.keltska-noc.cz\/kontakt\/#breadcrumb","itemListElement":[{"@type":"ListItem","position":1,"name":"Home","item":"https:\/\/www.keltska-noc.cz\/"},{"@type":"ListItem","position":2,"name":"KONTAKT"}]},{"@type":"WebSite","@id":"https:\/\/www.keltska-noc.cz\/#website","url":"https:\/\/www.keltska-noc.cz\/","name":"CELTIC NIGHT","description":"mezin\u00e1rodn\u00ed hudebn\u00ed festival","publisher":{"@id":"https:\/\/www.keltska-noc.cz\/#organization"},"potentialAction":[{"@type":"SearchAction","target":{"@type":"EntryPoint","urlTemplate":"https:\/\/www.keltska-noc.cz\/?s={search_term_string}"},"query-input":{"@type":"PropertyValueSpecification","valueRequired":true,"valueName":"search_term_string"}}],"inLanguage":"en-GB"},{"@type":"Organization","@id":"https:\/\/www.keltska-noc.cz\/#organization","name":"KELTSK\u00c1 NOC z.s.","url":"https:\/\/www.keltska-noc.cz\/","logo":{"@type":"ImageObject","inLanguage":"en-GB","@id":"https:\/\/www.keltska-noc.cz\/#\/schema\/logo\/image\/","url":"https:\/\/www.keltska-noc.cz\/wp-content\/uploads\/2023\/04\/CZ-LOGO.webp","contentUrl":"https:\/\/www.keltska-noc.cz\/wp-content\/uploads\/2023\/04\/CZ-LOGO.webp","width":227,"height":61,"caption":"KELTSK\u00c1 NOC z.s."},"image":{"@id":"https:\/\/www.keltska-noc.cz\/#\/schema\/logo\/image\/"},"sameAs":["https:\/\/www.facebook.com\/keltskanocplumlov","https:\/\/x.com\/KeltskaPlumlov"]}]}},"_links":{"self":[{"href":"https:\/\/www.keltska-noc.cz\/en\/wp-json\/wp\/v2\/pages\/1250","targetHints":{"allow":["GET"]}}],"collection":[{"href":"https:\/\/www.keltska-noc.cz\/en\/wp-json\/wp\/v2\/pages"}],"about":[{"href":"https:\/\/www.keltska-noc.cz\/en\/wp-json\/wp\/v2\/types\/page"}],"author":[{"embeddable":true,"href":"https:\/\/www.keltska-noc.cz\/en\/wp-json\/wp\/v2\/users\/1"}],"replies":[{"embeddable":true,"href":"https:\/\/www.keltska-noc.cz\/en\/wp-json\/wp\/v2\/comments?post=1250"}],"version-history":[{"count":80,"href":"https:\/\/www.keltska-noc.cz\/en\/wp-json\/wp\/v2\/pages\/1250\/revisions"}],"predecessor-version":[{"id":8009,"href":"https:\/\/www.keltska-noc.cz\/en\/wp-json\/wp\/v2\/pages\/1250\/revisions\/8009"}],"wp:attachment":[{"href":"https:\/\/www.keltska-noc.cz\/en\/wp-json\/wp\/v2\/media?parent=1250"}],"curies":[{"name":"wp","href":"https:\/\/api.w.org\/{rel}","templated":true}]}}