{"id":1608,"date":"2022-05-03T13:48:18","date_gmt":"2022-05-03T11:48:18","guid":{"rendered":"https:\/\/www.keltska-noc.cz\/?page_id=1608"},"modified":"2023-04-27T00:57:18","modified_gmt":"2023-04-26T22:57:18","slug":"keltove-na-morave","status":"publish","type":"page","link":"https:\/\/www.keltska-noc.cz\/en\/keltove-na-morave\/","title":{"rendered":"CELTS IN MORAVIA"},"content":{"rendered":"\n\n[et_pb_section fb_built=&#8220;1&#8243; _builder_version=&#8220;4.17.3&#8243; _module_preset=&#8220;default&#8220; background_color=&#8220;#DDD2B8&#8243; background_image=&#8220;https:\/\/www.keltska-noc.cz\/wp-content\/uploads\/2023\/04\/pexels-scott-webb-2117937.jpg&#8220; background_blend=&#8220;overlay&#8220; custom_padding=&#8220;20px||50px||false|false&#8220; bottom_divider_height=&#8220;50px&#8220; global_colors_info=&#8220;{}&#8220;][et_pb_row _builder_version=&#8220;4.17.3&#8243; _module_preset=&#8220;default&#8220; locked=&#8220;off&#8220; global_colors_info=&#8220;{}&#8220;][et_pb_column type=&#8220;4_4&#8243; _builder_version=&#8220;4.17.3&#8243; _module_preset=&#8220;default&#8220; global_colors_info=&#8220;{}&#8220;][et_pb_image src=&#8220;https:\/\/www.keltska-noc.cz\/wp-content\/uploads\/2023\/04\/DECO-SPIRAL.png&#8220; title_text=&#8220;DECO-SPIRAL&#8220; align=&#8220;center&#8220; _builder_version=&#8220;4.19.5&#8243; _module_preset=&#8220;default&#8220; global_colors_info=&#8220;{}&#8220;][\/et_pb_image][et_pb_divider color=&#8220;#baa16f&#8220; divider_weight=&#8220;1px&#8220; _builder_version=&#8220;4.19.5&#8243; _module_preset=&#8220;default&#8220; locked=&#8220;off&#8220; global_colors_info=&#8220;{}&#8220;][\/et_pb_divider][\/et_pb_column][\/et_pb_row][et_pb_row _builder_version=&#8220;4.17.3&#8243; _module_preset=&#8220;default&#8220; locked=&#8220;off&#8220; global_colors_info=&#8220;{}&#8220;][et_pb_column type=&#8220;4_4&#8243; _builder_version=&#8220;4.17.3&#8243; _module_preset=&#8220;default&#8220; global_colors_info=&#8220;{}&#8220;][et_pb_text _builder_version=&#8220;4.19.5&#8243; _module_preset=&#8220;default&#8220; header_font=&#8220;|||on|||||&#8220; header_text_align=&#8220;center&#8220; header_text_color=&#8220;#00592E&#8220; header_font_size=&#8220;42px&#8220; header_letter_spacing=&#8220;3px&#8220; header_line_height=&#8220;1.1em&#8220; animation_style=&#8220;slide&#8220; animation_direction=&#8220;bottom&#8220; animation_intensity_slide=&#8220;20%&#8220; locked=&#8220;off&#8220; global_colors_info=&#8220;{}&#8220;]<h1>KELTOV\u00c9 NA MORAV\u011a<\/h1>[\/et_pb_text][\/et_pb_column][\/et_pb_row][et_pb_row column_structure=&#8220;2_3,1_3&#8243; module_class=&#8220;odrazeni-radku&#8220; _builder_version=&#8220;4.17.3&#8243; _module_preset=&#8220;default&#8220; global_colors_info=&#8220;{}&#8220;][et_pb_column type=&#8220;2_3&#8243; _builder_version=&#8220;4.17.3&#8243; _module_preset=&#8220;default&#8220; global_colors_info=&#8220;{}&#8220;][et_pb_text _builder_version=&#8220;4.20.4&#8243; _module_preset=&#8220;default&#8220; text_text_color=&#8220;#000000&#8243; quote_font=&#8220;||on||||||&#8220; quote_font_size=&#8220;16px&#8220; header_3_text_color=&#8220;#00592E&#8220; global_colors_info=&#8220;{}&#8220;]<h3>Keltsk\u00e1 historie moravsk\u00e9ho regionu<\/h3>\n<blockquote>\n<p>Keltov\u00e9 na Morav\u011b &#8211; keltov\u00e9 jsou nejstar\u0161\u00edm dolo\u017een\u00fdm etnikem severn\u011b od Alp. Krystaliza\u010dn\u00edm centrem t\u00e9to populace bylo \u00fazem\u00ed jihoz\u00e1padn\u00edch \u010cech, Bavorska, v\u00fdchodn\u00ed Francii a p\u0159il\u00e9haj\u00edc\u00ed \u010d\u00e1sti \u0160v\u00fdcarska. Odtud po\u010d\u00ednaje 5. stolet\u00edm p\u0159. n. l. os\u00eddlili v n\u011bkolika vln\u00e1ch celou z\u00e1padn\u00ed a st\u0159edn\u00ed Evropu. Jsou tak prvn\u00edm zn\u00e1m\u00fdm etnikem, kter\u00e9 v\u00fdznamn\u00fdm zp\u016fsobem ovlivnilo osud na\u0161eho \u00fazem\u00ed, na kter\u00e9m obsadily nej\u00farodn\u011bj\u0161\u00ed \u010d\u00e1sti zem\u011b. \u010cechy ob\u00fdval kmen B\u00f3j\u016f, Moravu pak Volkov\u00e9-Tektos\u00e1gov\u00e9.<\/p>\n<\/blockquote>\n<p>Prvn\u00ed vlna p\u0159\u00edlivu Kelt\u016f zas\u00e1hla \u00fazem\u00ed Moravy ji\u017e v pr\u016fb\u011bhu 5. stolet\u00ed, druh\u00e1 pak v prvn\u00ed polovin\u011b \u010dtvrt\u00e9ho stolet\u00ed. Pro druhou vlnu Kelt\u016f jsou charakteristick\u00e1 ploch\u00e1 poh\u0159ebi\u0161t\u011b, kter\u00fdch na Morav\u011b evidujeme na 250. A pr\u00e1v\u011b praktikovan\u00e9 zvyklosti poh\u0159ebn\u00edho ritu n\u00e1m odkr\u00fdvaj\u00ed rou\u0161ku jejich duchovn\u00edho sv\u011bta. Na v\u00fdbav\u011b hrob\u016f je patrn\u00e9 rozvrstven\u00ed tehdej\u0161\u00ed spole\u010dnosti.<\/p>\n<p>Vedle hrob\u016f bojovn\u00edk\u016f v pln\u00e9 zbroji, odkr\u00fdv\u00e1me hroby jen s pr\u016fm\u011brnou v\u00fdbavou, ale tak\u00e9 hroby zcela chud\u00e9 s minimem milodar\u016f nebo zcela bez nich. Sv\u00e9 zesnul\u00e9 poh\u0159b\u00edvali v nata\u017een\u00e9 poloze na z\u00e1dech, s rukama pod\u00e9l t\u011bla, hlavou k severu. Na rozd\u00edl od p\u0159edchoz\u00ed doby hal\u0161tatsk\u00e9 nebyly hroby kryty mohylami, proto ozna\u010den\u00ed ploch\u00e1 poh\u0159ebi\u0161t\u011b. Postupem doby v\u0161ak p\u0159evl\u00e1dlo nad kostrov\u00fdm poh\u0159b\u00edv\u00e1n\u00edm spalov\u00e1n\u00ed zesnul\u00fdch a kremace se stala na\u010das jedinou formou poh\u0159ebn\u00edho ritu. Ov\u0161em z pozdn\u00ed doby lat\u00e9nsk\u00e9 (pr\u016fb\u011bh 1. stolet\u00ed p\u0159. n. l.) nezn\u00e1me poh\u0159by v\u016fbec, a to z cel\u00e9 Kelty obsazen\u00e9 st\u0159edn\u00ed Evropy. To nepochybn\u011b souvis\u00ed s jejich v\u011brsk\u00fdmi p\u0159edstavami, v jejich\u017e d\u016fsledku doch\u00e1zelo ke zjednodu\u0161ov\u00e1n\u00ed poh\u0159ebn\u00edho ritu.<\/p>\n<p>S n\u00e1bo\u017eenstv\u00edm a kultem nepochybn\u011b souvisej\u00ed drobn\u00e9 kovov\u00e9 plastiky, nach\u00e1zen\u00e9 na s\u00eddli\u0161t\u00edch v pom\u011brn\u011b velk\u00e9m mno\u017estv\u00ed. Ztv\u00e1r\u0148uj\u00ed r\u016fzn\u00e1 zv\u00ed\u0159ata (kance, psa, kozu, srnu, ale i pt\u00e1ky) a v\u00fdjime\u010dn\u011b i lidsk\u00e9 postavy. Keltsk\u00fd panteon \u010d\u00edtal p\u0159es 400 boh\u016f. K nejzn\u00e1m\u011bj\u0161\u00edm pat\u0159\u00ed Taranis \u2013 b\u016fh nebes a hromu, Teutates \u2013 b\u016fh kmene (ochra\u0148oval bojovn\u00edky a zaji\u0161\u0165oval blahobyt), Lug \u2013 b\u016fh obchodu a \u0159emesel, Epona \u2013 bohyn\u011b vod. Sv\u00e9 bohy uct\u00edvali na posv\u00e1tn\u00fdch m\u00edstech \u2013 v h\u00e1j\u00edch, u pramen\u016f vodn\u00edch tok\u016f, u studn\u00ed a v jeskyn\u00edch, kam jim p\u0159in\u00e1\u0161eli neuv\u011b\u0159iteln\u011b bohat\u00e9 ob\u011btiny, v\u00fdjimkou nebyly p\u0159edm\u011bty ze zlata a st\u0159\u00edbra.<\/p>\n<p>Prost\u0159edn\u00edkem mezi sv\u011btem lid\u00ed a bohy byli kn\u011b\u017e\u00ed \u2013 druidov\u00e9. V Caesarov\u00fdch \u201eZ\u00e1pisc\u00edch o v\u00e1lce galsk\u00e9\u201c je uvedeno, \u017ee v Gallii (v zemi Kelt\u016f) jsou pouze dva stavy, kter\u00e9 n\u011bco znamenaj\u00ed; jezdci (v\u00fdznamn\u00ed bojovn\u00edci) a druidov\u00e9. Role druid\u016f v\u0161ak byla mnohem \u0161ir\u0161\u00ed. Vedle nezbytn\u00fdch ritu\u00e1l\u016f prov\u00e1d\u011bli astronomick\u00e1 pozorov\u00e1n\u00ed, byli ochr\u00e1nci tradic a pr\u00e1va.<\/p>[\/et_pb_text][\/et_pb_column][et_pb_column type=&#8220;1_3&#8243; _builder_version=&#8220;4.17.3&#8243; _module_preset=&#8220;default&#8220; global_colors_info=&#8220;{}&#8220;][et_pb_image src=&#8220;https:\/\/www.keltska-noc.cz\/wp-content\/uploads\/2023\/04\/c02.webp&#8220; title_text=&#8220;c02&#8243; show_in_lightbox=&#8220;on&#8220; _builder_version=&#8220;4.17.3&#8243; _module_preset=&#8220;default&#8220; custom_margin=&#8220;||10px||false|false&#8220; border_radii=&#8220;on|10px|10px|10px|10px&#8220; box_shadow_style=&#8220;preset3&#8243; global_colors_info=&#8220;{}&#8220;][\/et_pb_image][et_pb_text _builder_version=&#8220;4.17.3&#8243; _module_preset=&#8220;default&#8220; text_font=&#8220;||on||||||&#8220; text_text_color=&#8220;#000000&#8243; global_colors_info=&#8220;{}&#8220;]<p>Star\u00e9 Hradisko \u2013 leteck\u00fd sn\u00edmek<\/p>[\/et_pb_text][et_pb_image src=&#8220;https:\/\/www.keltska-noc.cz\/wp-content\/uploads\/2023\/04\/c01.jpg&#8220; title_text=&#8220;c01&#8243; show_in_lightbox=&#8220;on&#8220; _builder_version=&#8220;4.17.3&#8243; _module_preset=&#8220;default&#8220; custom_margin=&#8220;30px||10px||false|false&#8220; border_radii=&#8220;on|10px|10px|10px|10px&#8220; box_shadow_style=&#8220;preset3&#8243; global_colors_info=&#8220;{}&#8220;][\/et_pb_image][et_pb_text _builder_version=&#8220;4.17.3&#8243; _module_preset=&#8220;default&#8220; text_font=&#8220;||on||||||&#8220; text_text_color=&#8220;#000000&#8243; global_colors_info=&#8220;{}&#8220;]<p>Star\u00e9 Hradisko \u2013 hlavi\u010dka kelta<\/p>[\/et_pb_text][\/et_pb_column][\/et_pb_row][\/et_pb_section][et_pb_section fb_built=&#8220;1&#8243; module_id=&#8220;interpreti&#8220; _builder_version=&#8220;4.17.3&#8243; _module_preset=&#8220;default&#8220; background_color=&#8220;RGBA(255,255,255,0)&#8220; use_background_color_gradient=&#8220;on&#8220; background_color_gradient_stops=&#8220;#000000 0%|rgba(255,255,255,0) 15%&#8220; background_enable_image=&#8220;off&#8220; background_blend=&#8220;multiply&#8220; custom_padding=&#8220;||||false|false&#8220; bottom_divider_height=&#8220;50px&#8220; global_colors_info=&#8220;{}&#8220;][et_pb_row column_structure=&#8220;1_3,1_3,1_3&#8243; module_class=&#8220;odrazeni-radku&#8220; _builder_version=&#8220;4.17.3&#8243; _module_preset=&#8220;default&#8220; global_colors_info=&#8220;{}&#8220;][et_pb_column type=&#8220;1_3&#8243; _builder_version=&#8220;4.17.3&#8243; _module_preset=&#8220;default&#8220; global_colors_info=&#8220;{}&#8220;][et_pb_text _builder_version=&#8220;4.20.4&#8243; _module_preset=&#8220;default&#8220; text_text_color=&#8220;#DDD2B8&#8243; quote_font=&#8220;||on||||||&#8220; quote_text_color=&#8220;#ffffff&#8220; quote_font_size=&#8220;16px&#8220; header_3_text_color=&#8220;#00592E&#8220; locked=&#8220;off&#8220; global_colors_info=&#8220;{}&#8220;]<blockquote>\n<p>Keltov\u00e9 na Morav\u011b &#8211; o intenzit\u011b keltsk\u00e9ho os\u00eddlen\u00ed hovo\u0159\u00ed skute\u010dnost, \u017ee nap\u0159\u00edklad na Prost\u011bjovsku evidujeme 150 s\u00eddli\u0161\u0165 agr\u00e1rn\u00edho charakteru. Tento po\u010det nen\u00ed jist\u011b \u00fapln\u00fd.<\/p>\n<\/blockquote>\n<p>Za nejv\u00fdznamn\u011bj\u0161\u00ed lokalitu Prost\u011bjovska lze pova\u017eovat, vedle oppida Star\u00e9 Hradisko, neopevn\u011bn\u00e9 s\u00eddli\u0161t\u011b o rozloze 35 ha v N\u011bm\u010dic\u00edch nad Hanou, jeho\u017e nejv\u011bt\u0161\u00ed rozkv\u011bt spad\u00e1 na p\u0159elom 3. a 2. stolet\u00ed p\u0159. n. l. P\u0159ev\u00e1\u017en\u011b povrchov\u00fdmi n\u00e1lezy (rozs\u00e1hlej\u0161\u00ed archeologick\u00fd v\u00fdzkum nebyl na lokalit\u011b proveden) je dolo\u017eena m\u00edstn\u00ed kovoliteck\u00e1 hu\u0165 na odl\u00e9v\u00e1n\u00ed bronzov\u00fdch p\u0159edm\u011bt\u016f, ra\u017eba prvn\u00edch keltsk\u00fdch minc\u00ed (ze s\u00eddli\u0161t\u011b dnes evidujeme v\u00edce jak 1000 kus\u016f r\u016fzn\u00fdch nomin\u00e1l\u016f) a nejstar\u0161\u00ed dolo\u017een\u00e1 skl\u00e1\u0159sk\u00e1 d\u00edlna v Evrop\u011b, kter\u00e1 produkovala sklen\u011bn\u00e9 kor\u00e1lky a pravd\u011bpodobn\u011b tak\u00e9 n\u00e1ramky. Nalezeno zde bylo na 2000 skel, z toho 500 zlomk\u016f n\u00e1ramk\u016f, co\u017e je druh\u00fd nejv\u011bt\u0161\u00ed jejich po\u010det po bavorsk\u00e9m oppidu v Manchingu. Nejv\u011bt\u0161\u00edm p\u0159ekvapen\u00edm je obs\u00e1hl\u00e1 kolekce importovan\u00fdch minc\u00ed, poch\u00e1zej\u00edc\u00edch t\u00e9m\u011b\u0159 z cel\u00e9ho antick\u00e9ho sv\u011bta. Zastoupeny jsou ra\u017eby z \u0158ecka, \u0158\u00edma, Kart\u00e1ga, Egypta, Sic\u00edlie, Messalie. Jsou dokladem d\u00e1lkov\u00e9ho obchodu a v\u016fbec \u010dil\u00fdch kontakt\u016f s tehdy zn\u00e1m\u00fdm sv\u011btem.<\/p>[\/et_pb_text][\/et_pb_column][et_pb_column type=&#8220;1_3&#8243; _builder_version=&#8220;4.17.3&#8243; _module_preset=&#8220;default&#8220; global_colors_info=&#8220;{}&#8220;][et_pb_image src=&#8220;https:\/\/www.keltska-noc.cz\/wp-content\/uploads\/2023\/04\/c05.jpg&#8220; title_text=&#8220;c05&#8243; show_in_lightbox=&#8220;on&#8220; _builder_version=&#8220;4.17.3&#8243; _module_preset=&#8220;default&#8220; custom_margin=&#8220;||10px||false|false&#8220; border_radii=&#8220;on|10px|10px|10px|10px&#8220; box_shadow_style=&#8220;preset3&#8243; global_colors_info=&#8220;{}&#8220;][\/et_pb_image][et_pb_text _builder_version=&#8220;4.17.3&#8243; _module_preset=&#8220;default&#8220; text_font=&#8220;||on||||||&#8220; text_text_color=&#8220;#DDD2B8&#8243; global_colors_info=&#8220;{}&#8220;]<p>N\u011bm\u010dice \u2013 bronzov\u00e9 plastiky<\/p>[\/et_pb_text][et_pb_text _builder_version=&#8220;4.17.3&#8243; _module_preset=&#8220;default&#8220; text_text_color=&#8220;#DDD2B8&#8243; global_colors_info=&#8220;{}&#8220;]<div class=\"et_pb_text_inner\">\n<div data-shortcode-id=\"3.3.0.0-1651587013480\" data-quickaccess-editable=\"yes\" class=\"et-fb-popover-tinymce\">\n<div class=\"mce-content-body\" contenteditable=\"true\" style=\"position: relative;\">\n<p>Keltsk\u00e9 v\u00fdrobn\u00ed a obchodn\u00ed centrum v N\u011bm\u010dic\u00edch nad Hanou le\u017e\u00ed na strategick\u00e9m m\u00edst\u011b ve st\u0159edu Moravy, obklopen\u00e9 \u00farodnou n\u00ed\u017einou Han\u00e9 v bl\u00edzkosti historick\u00e9 komunikace zvan\u00e9 Jantarov\u00e1 stezka, a to v m\u00edstech vstupu do Moravsk\u00e9 br\u00e1ny.<\/p>\n<p>Kontakty s \u00fazem\u00edm dne\u0161n\u00edho Slovinska, It\u00e1lii a Karpatsk\u00e9 kotliny se li\u0161\u00ed od Star\u00e9ho Hradiska, orientovan\u00e9ho na z\u00e1padn\u00ed b\u00f3jskou oblast. S koncem s\u00eddli\u0161t\u011b v N\u011bmc\u010dic\u00edch (ve 2. polovin\u011b druh\u00e9ho stolet\u00ed p\u0159. n. l.) se mocensk\u00e9 a obchodn\u00ed centrum p\u0159esouv\u00e1 na Star\u00e9 Hradisko, kter\u00e9 za\u010d\u00edn\u00e1 fungovat pr\u00e1v\u011b od poloviny 2. stolet\u00ed p\u0159. n. l. a jeho konec spad\u00e1, po v\u00edce jak 100 letech, do z\u00e1v\u011bru star\u00e9ho letopo\u010dtu.<\/p>\n<\/div>\n<\/div>\n<\/div>\n<div class=\"et-fb-mousetrap et-fb-mousetrap--module et-fb-mousetrap-pointer\" style=\"background: 0px center; pointer-events: auto;\"><\/div>[\/et_pb_text][\/et_pb_column][et_pb_column type=&#8220;1_3&#8243; _builder_version=&#8220;4.17.3&#8243; _module_preset=&#8220;default&#8220; global_colors_info=&#8220;{}&#8220;][et_pb_text _builder_version=&#8220;4.17.3&#8243; _module_preset=&#8220;default&#8220; text_text_color=&#8220;#DDD2B8&#8243; header_3_text_color=&#8220;#00592E&#8220; locked=&#8220;off&#8220; global_colors_info=&#8220;{}&#8220;]<p>Tak\u00e9 na tomto m\u00edst\u011b m\u00e1me bohat\u00fdmi n\u00e1lezy dolo\u017eeno intenzivn\u00ed zpracov\u00e1v\u00e1n\u00ed jantaru a nen\u00ed proto pochyb o tom\u017e, \u017ee i oppidum Star\u00e9 Hradisko vyu\u017e\u00edvalo komodit Jantarov\u00e9 stezky.<\/p>\n<p>Kulturn\u00ed \u00farove\u0148 \u017eivota Kelt\u016f odr\u00e1\u017e\u00ed vysok\u00e1 \u00farove\u0148 estetick\u00e9ho c\u00edt\u011bn\u00ed a je patrn\u00e1 nejen ze \u0161perk\u016f a honosn\u00fdch p\u0159edm\u011bt\u016f obecn\u011b, ale z p\u0159edm\u011bt\u016f ka\u017edodenn\u00ed pot\u0159eby. P\u016fvodn\u00ed geometrick\u00fd styl pozdn\u00edho hal\u0161tatu, na kter\u00fd estetick\u00fd projev Kelt\u016f nav\u00e1zal, se pod vlivem \u0159eck\u00e9ho a etrusk\u00e9ho um\u011bn\u00ed p\u0159em\u011bnil v origin\u00e1ln\u00ed a nezam\u011bniteln\u00fd v\u00fdraz, vyu\u017e\u00edvaj\u00edc\u00ed ornament\u00e1ln\u00edch a od 3. stolet\u00ed p\u0159edev\u0161\u00edm plastick\u00fdch prvk\u016f, mezi nimi\u017e nechyb\u00ed jak zoomorfn\u00ed, tak antropomorfn\u00ed p\u0159edlohy.<\/p>\n<p>Keltov\u00e9 nedok\u00e1zali vytvo\u0159it vlastn\u00ed st\u00e1t a \u00fasp\u011b\u0161n\u011b tak \u010delit tlaku \u0158\u00edman\u016f a Germ\u00e1n\u016f. Kolem p\u0159elomu letopo\u010dtu se jejich moc ve st\u0159edn\u00ed Evrop\u011b zlomila a zna\u010dn\u00e1 jejich \u010d\u00e1st se vr\u00e1tila do m\u00edst p\u016fvodn\u00edho os\u00eddlen\u00ed.<\/p>[\/et_pb_text][\/et_pb_column][\/et_pb_row][\/et_pb_section][et_pb_section fb_built=&#8220;1&#8243; _builder_version=&#8220;4.17.3&#8243; _module_preset=&#8220;default&#8220; background_color=&#8220;#DDD2B8&#8243; background_image=&#8220;https:\/\/www.keltska-noc.cz\/wp-content\/uploads\/2023\/04\/pexels-scott-webb-2117937.jpg&#8220; background_blend=&#8220;overlay&#8220; custom_padding=&#8220;20px||50px||false|false&#8220; bottom_divider_height=&#8220;50px&#8220; global_colors_info=&#8220;{}&#8220;][et_pb_row column_structure=&#8220;1_2,1_2&#8243; module_class=&#8220;odrazeni-radku&#8220; _builder_version=&#8220;4.17.3&#8243; _module_preset=&#8220;default&#8220; locked=&#8220;off&#8220; global_colors_info=&#8220;{}&#8220;][et_pb_column type=&#8220;1_2&#8243; _builder_version=&#8220;4.17.3&#8243; _module_preset=&#8220;default&#8220; global_colors_info=&#8220;{}&#8220;][et_pb_text _builder_version=&#8220;4.17.3&#8243; _module_preset=&#8220;default&#8220; text_text_color=&#8220;#000000&#8243; quote_font=&#8220;||on||||||&#8220; quote_font_size=&#8220;16px&#8220; header_3_text_color=&#8220;#00592E&#8220; global_colors_info=&#8220;{}&#8220;]<h3>V\u00fdznamn\u00e9 lokality st\u0159edn\u00ed Moravy<\/h3>\n<blockquote>\n<p>Zevrubn\u011b p\u0159edstaven\u00e9 N\u011bm\u010dice nad Hanou jsou d\u00edky nov\u011b u\u010din\u011bn\u00fdm n\u00e1lez\u016f kl\u00ed\u010dovou lokalitou s obrovsk\u00fdm potenci\u00e1lem informac\u00ed ze v\u0161ech oblast\u00ed sv\u011bta Kelt\u016f.<\/p>\n<\/blockquote>\n<p>D\u00e1vno p\u0159ed nimi pozornost obyvatel \u0161irok\u00e9ho okol\u00ed upoutaly n\u00e1lezy ze Star\u00e9ho Hradiska, kter\u00e9 se d\u00edky archeologick\u00fdm v\u00fdzkum\u016f v prvn\u00edch decenni\u00edch 20. stolet\u00ed uk\u00e1zalo b\u00fdt prvn\u00edm moravsk\u00fdm keltsk\u00fdm oppidem. M\u00edsto bylo zn\u00e1mo ji\u017e od st\u0159edov\u011bku, a to n\u00e1lezy ji\u017e zm\u00edn\u011bn\u00e9ho jantaru. Prvn\u00ed zm\u00ednka o \u201emirrze\u201c (jantaru) poch\u00e1z\u00ed ze zemsk\u00fdch desek z roku 1519 a k roku 1522 v kronice olomouck\u00e9ho biskupa Dubravia. Jako nalezi\u0161t\u011b mirrhy je ozna\u010deno tak\u00e9 na map\u011b J.A. Komensk\u00e9ho z roku 1627. Na Star\u00e9m Hradisku prob\u011bhl ve 30. letech 20. stolet\u00ed, z popudu J. B\u00f6hma z Archeologick\u00e9ho \u00fastavu v Praze, prvn\u00ed plo\u0161n\u011b koncipovan\u00fd archeologick\u00fd v\u00fdzkum na \u00fazem\u00ed \u010ceskoslovenska, ve kter\u00e9m pokra\u010dovali v 60. a\u017e 90. letech J. Meduna a M. \u010ci\u017em\u00e1\u0159 z Archeologick\u00e9ho \u00fastavu \u010cSAV v Brn\u011b.<\/p>\n<p>Odkryvy p\u0159inesly d\u016fle\u017eit\u00e9 poznatky o struktu\u0159e z\u00e1stavby, opevn\u011bn\u00ed a \u00farovni \u0159emesln\u00e9 v\u00fdroby v\u010detn\u011b doklad\u016f o kontaktech se St\u0159edomo\u0159\u00edm. Zpracov\u00e1n\u00ed jantaru bylo jednou z d\u016fle\u017eit\u00fdch specializac\u00ed zdej\u0161\u00edch \u0159emesln\u00edk\u016f. Star\u00e9 Hradisko na Prost\u011bjovsku v\u0161ak nen\u00ed jedinou lokalitou charakteru oppida. Pat\u0159\u00ed sem i Host\u00fdn a pravd\u011bpodobn\u011b i Kotou\u010d u \u0160tramberku, zni\u010den\u00fd, bohu\u017eel, t\u011b\u017ebou kamene.<\/p>[\/et_pb_text][\/et_pb_column][et_pb_column type=&#8220;1_2&#8243; _builder_version=&#8220;4.17.3&#8243; _module_preset=&#8220;default&#8220; global_colors_info=&#8220;{}&#8220;][et_pb_image src=&#8220;https:\/\/www.keltska-noc.cz\/wp-content\/uploads\/2023\/04\/kelti_mapa.jpg&#8220; title_text=&#8220;kelti_mapa&#8220; show_in_lightbox=&#8220;on&#8220; _builder_version=&#8220;4.17.3&#8243; _module_preset=&#8220;default&#8220; custom_margin=&#8220;||10px||false|false&#8220; border_radii=&#8220;on|10px|10px|10px|10px&#8220; box_shadow_style=&#8220;preset3&#8243; global_colors_info=&#8220;{}&#8220;][\/et_pb_image][et_pb_text _builder_version=&#8220;4.17.3&#8243; _module_preset=&#8220;default&#8220; text_font=&#8220;||on||||||&#8220; text_text_color=&#8220;#000000&#8243; global_colors_info=&#8220;{}&#8220;]<p>Mapa keltsk\u00e9ho sv\u011bta<\/p>[\/et_pb_text][\/et_pb_column][\/et_pb_row][et_pb_row column_structure=&#8220;1_3,2_3&#8243; module_class=&#8220;odrazeni-radku&#8220; _builder_version=&#8220;4.17.3&#8243; _module_preset=&#8220;default&#8220; locked=&#8220;off&#8220; global_colors_info=&#8220;{}&#8220;][et_pb_column type=&#8220;1_3&#8243; _builder_version=&#8220;4.17.3&#8243; _module_preset=&#8220;default&#8220; global_colors_info=&#8220;{}&#8220;][et_pb_image src=&#8220;https:\/\/www.keltska-noc.cz\/wp-content\/uploads\/2023\/04\/c04.jpg&#8220; title_text=&#8220;c04&#8243; show_in_lightbox=&#8220;on&#8220; _builder_version=&#8220;4.17.3&#8243; _module_preset=&#8220;default&#8220; custom_margin=&#8220;||10px||false|false&#8220; border_radii=&#8220;on|10px|10px|10px|10px&#8220; box_shadow_style=&#8220;preset3&#8243; global_colors_info=&#8220;{}&#8220;][\/et_pb_image][et_pb_text _builder_version=&#8220;4.17.3&#8243; _module_preset=&#8220;default&#8220; text_font=&#8220;||on||||||&#8220; text_text_color=&#8220;#000000&#8243; global_colors_info=&#8220;{}&#8220;]<p>N\u011bm\u010dice \u2013 zlat\u00fd stater<\/p>[\/et_pb_text][\/et_pb_column][et_pb_column type=&#8220;2_3&#8243; _builder_version=&#8220;4.17.3&#8243; _module_preset=&#8220;default&#8220; global_colors_info=&#8220;{}&#8220;][et_pb_text _builder_version=&#8220;4.17.3&#8243; _module_preset=&#8220;default&#8220; text_text_color=&#8220;#000000&#8243; quote_font=&#8220;||on||||||&#8220; quote_font_size=&#8220;16px&#8220; header_3_text_color=&#8220;#00592E&#8220; global_colors_info=&#8220;{}&#8220;]<p>S prvn\u00ed invazn\u00ed vlnou Kelt\u016f souvis\u00ed monument\u00e1ln\u00ed hradi\u0161t\u011b \u010cernov na Vy\u0161kovsku, zbudovan\u00e9 na ji\u017en\u00edm okraji Drahansk\u00e9 vrchoviny. N\u00e1lezy \u0159ad\u00ed lokalitu mezi nejstar\u0161\u00ed doklady keltsk\u00e9ho os\u00eddlen\u00ed na Morav\u011b. Hradi\u0161t\u011b o rozloze 2,3 ha bylo po obvodu obehn\u00e1no mohutnou kamennou hradbou.<\/p>\n<p><strong>Brno-Malom\u011b\u0159ice poh\u0159ebi\u0161t\u011b<\/strong><span>\u00a0<\/span>\u2013 nejv\u011bt\u0161\u00ed a nav\u00edc systematicky prozkouman\u00e9 keltsk\u00e9 poh\u0159ebi\u0161t\u011b na Morav\u011b. V roce 1941 zde J. Poul\u00edk prozkoumal 76 hrob\u016f a dal\u0161\u00edch 10 jich bylo evidov\u00e1no u r\u016fzn\u00fdch n\u00e1lezc\u016f.<\/p>\n<p><strong>Depot ze Pten\u00ed.<\/strong><span>\u00a0<\/span>Roku 1868, p\u0159i t\u011b\u017eb\u011b d\u0159eva pobl\u00ed\u017e obce Pten\u00ed (dnes katastr obce Hrochova), nalezli lesn\u00ed d\u011bln\u00edci depot bronzov\u00fdch p\u0159edm\u011bt\u016f, dopln\u011bn\u00fd sklen\u011bn\u00fdmi a jantarov\u00fdmi perlami. Slo\u017een\u00ed depotu ukazuje na kontakty s dne\u0161n\u00edm Slovinskem a It\u00e1li\u00ed.<\/p>\n<p><strong>Lud\u00e9\u0159ov, okr. Olomouc<\/strong><span>\u00a0<\/span>\u2013 keltsk\u00e1 \u201eVierecksachanze\u201c.N\u011bmeck\u00fd n\u00e1zev pro typick\u00fd ter\u00e9nn\u00ed \u00fatvar, obehnan\u00fd valy a p\u0159\u00edkopem. N\u00e1zor, \u017ee jsou to svatyn\u011b s objet\u00edmi studnami ustupuje m\u00edn\u011bn\u00ed, \u017ee se jedn\u00e1 o opevn\u011bn\u00e9 obytn\u00e9 dvorce. I v tomto p\u0159\u00edpad\u011b jde o zcela jedine\u010dnou keltskou pam\u00e1tku.<\/p>\n<p><strong>Domamyslice<\/strong><span>\u00a0<\/span>\u2013 hrob bojovn\u00edka ohrani\u010den\u00fd p\u0159\u00edkopem. Hrob bojovn\u00edka v pln\u00e9 zbroji, zcela nepochybn\u011b v\u00fdznamn\u00e9 osobnosti, prozkoumal v roce 1970 M. \u010ci\u017em\u00e1\u0159, tehdej\u0161\u00ed archeolog prost\u011bjovsk\u00e9ho muzea. Hrob ohrani\u010den\u00fd \u010dtvercov\u00fdm p\u0159\u00edkopem (z\u00e1kladov\u00fdm \u017elabem po \u010dtvercov\u00e9m ohrazen\u00ed) obsahoval kompletn\u00ed v\u00e1le\u010dnickou soupravu poh\u0159ben\u00e9ho s me\u010dem, kop\u00edm, \u0161t\u00edtem, \u017eelezn\u00fdm opaskem a nezbytn\u00fdmi sou\u010d\u00e1stmi od\u011bvu.<\/p>[\/et_pb_text][\/et_pb_column][\/et_pb_row][et_pb_row column_structure=&#8220;1_2,1_2&#8243; module_class=&#8220;odrazeni-radku&#8220; _builder_version=&#8220;4.17.3&#8243; _module_preset=&#8220;default&#8220; locked=&#8220;off&#8220; global_colors_info=&#8220;{}&#8220;][et_pb_column type=&#8220;1_2&#8243; _builder_version=&#8220;4.17.3&#8243; _module_preset=&#8220;default&#8220; global_colors_info=&#8220;{}&#8220;][et_pb_image src=&#8220;https:\/\/www.keltska-noc.cz\/wp-content\/uploads\/2023\/04\/c06.jpg&#8220; title_text=&#8220;c06&#8243; show_in_lightbox=&#8220;on&#8220; _builder_version=&#8220;4.17.3&#8243; _module_preset=&#8220;default&#8220; custom_margin=&#8220;||10px||false|false&#8220; border_radii=&#8220;on|10px|10px|10px|10px&#8220; box_shadow_style=&#8220;preset3&#8243; global_colors_info=&#8220;{}&#8220;][\/et_pb_image][et_pb_text _builder_version=&#8220;4.17.3&#8243; _module_preset=&#8220;default&#8220; text_font=&#8220;||on||||||&#8220; text_text_color=&#8220;#000000&#8243; global_colors_info=&#8220;{}&#8220;]<p>Klenovice \u2013 bronzov\u00e1 plastika<\/p>[\/et_pb_text][\/et_pb_column][et_pb_column type=&#8220;1_2&#8243; _builder_version=&#8220;4.17.3&#8243; _module_preset=&#8220;default&#8220; global_colors_info=&#8220;{}&#8220;][et_pb_image src=&#8220;https:\/\/www.keltska-noc.cz\/wp-content\/uploads\/2023\/04\/c07.jpg&#8220; title_text=&#8220;c07&#8243; show_in_lightbox=&#8220;on&#8220; _builder_version=&#8220;4.17.3&#8243; _module_preset=&#8220;default&#8220; custom_margin=&#8220;||10px||false|false&#8220; border_radii=&#8220;on|10px|10px|10px|10px&#8220; box_shadow_style=&#8220;preset3&#8243; global_colors_info=&#8220;{}&#8220;][\/et_pb_image][et_pb_text _builder_version=&#8220;4.17.3&#8243; _module_preset=&#8220;default&#8220; text_font=&#8220;||on||||||&#8220; text_text_color=&#8220;#000000&#8243; global_colors_info=&#8220;{}&#8220;]<p><em>Biskupice \u2013 sklen\u011bn\u00fd n\u00e1ramek, bronzov\u00fd n\u00e1kr\u010dn\u00edk<\/em><br \/><a href=\"https:\/\/www.keltska-noc.cz\/wp-content\/uploads\/2016\/05\/c07.jpg\"><\/a><\/p>[\/et_pb_text][\/et_pb_column][\/et_pb_row][et_pb_row _builder_version=&#8220;4.17.3&#8243; _module_preset=&#8220;default&#8220; locked=&#8220;off&#8220; global_colors_info=&#8220;{}&#8220;][et_pb_column type=&#8220;4_4&#8243; _builder_version=&#8220;4.17.3&#8243; _module_preset=&#8220;default&#8220; global_colors_info=&#8220;{}&#8220;][et_pb_divider color=&#8220;#00592E&#8220; divider_position=&#8220;center&#8220; _builder_version=&#8220;4.17.3&#8243; _module_preset=&#8220;default&#8220; global_colors_info=&#8220;{}&#8220;][\/et_pb_divider][\/et_pb_column][\/et_pb_row][et_pb_row _builder_version=&#8220;4.17.3&#8243; _module_preset=&#8220;default&#8220; custom_margin=&#8220;||||false|false&#8220; custom_padding=&#8220;0px||||false|false&#8220; global_colors_info=&#8220;{}&#8220;][et_pb_column type=&#8220;4_4&#8243; _builder_version=&#8220;4.17.3&#8243; _module_preset=&#8220;default&#8220; global_colors_info=&#8220;{}&#8220;][et_pb_text _builder_version=&#8220;4.20.4&#8243; _module_preset=&#8220;default&#8220; text_text_color=&#8220;#000000&#8243; header_4_text_align=&#8220;center&#8220; header_4_text_color=&#8220;#00592E&#8220; text_orientation=&#8220;center&#8220; hover_enabled=&#8220;0&#8243; global_colors_info=&#8220;{}&#8220; header_3_text_color=&#8220;#00592E&#8220; header_3_font_size=&#8220;19px&#8220; sticky_enabled=&#8220;0&#8243;]<h3>N\u00e1zev \u010dl\u00e1nku: Keltov\u00e9 na Morav\u011b<br \/>Autor: Miroslav \u0160m\u00edd<\/h3>\n<p>&nbsp;<\/p>\n<p><strong>Keltov\u00e9 na Morav\u011b &#8211; podklady a literatura:<\/strong><br \/><span><span style=\"color: #008000;\"><a href=\"https:\/\/nm.opac.nm.cz\/records\/ff7966a7-b028-4fd8-8186-c69acef123db\" target=\"_blank\" rel=\"noopener\" style=\"color: #008000;\">\u010ci\u017em\u00e1\u0159ov\u00e1, J. 2001: Keltov\u00e9 na Morav\u011b.<\/a><\/span> Pr\u016fvodce stejnojmennou v\u00fdstavou v Moravsk\u00e9m zemsk\u00e9m muzeu.<br \/>\u010ci\u017em\u00e1\u0159, M. 2006: Doba lat\u00e9nsk\u00e1. In.: \u010ci\u017em\u00e1\u0159, M. \u2013 Geislerov\u00e1, K. (eds.) V\u00fdzkumy \u2013 Ausgrabungen 1999 \u2013 2004. Brno, 55-61.<br \/>V\u00fdstava \u201eNa jantarov\u00e9 stezce\u201c \u2013 Muzeum a galerie Prost\u011bjov, 7. 4. \u2013 5. 6. 2016, autorka sc\u00e9n\u00e1\u0159e Hana \u010ci\u017em\u00e1\u0159ov\u00e1.<\/span><\/p>[\/et_pb_text][\/et_pb_column][\/et_pb_row][\/et_pb_section][et_pb_section fb_built=&#8220;1&#8243; _builder_version=&#8220;4.20.0&#8243; _module_preset=&#8220;default&#8220; background_color=&#8220;RGBA(255,255,255,0)&#8220; use_background_color_gradient=&#8220;on&#8220; background_color_gradient_stops=&#8220;rgba(0,0,0,0.9) 0%|rgba(255,255,255,0) 25%|rgba(255, 255, 255, 0) 75%|rgba(0,0,0,0.9) 99%&#8220; background_image=&#8220;https:\/\/www.keltska-noc.cz\/wp-content\/uploads\/2023\/04\/srdce_housle.jpg&#8220; background_blend=&#8220;multiply&#8220; custom_padding=&#8220;200px||200px||true|false&#8220; top_divider_color=&#8220;#000000&#8243; global_colors_info=&#8220;{}&#8220;][et_pb_row _builder_version=&#8220;4.17.3&#8243; _module_preset=&#8220;default&#8220; global_colors_info=&#8220;{}&#8220;][et_pb_column type=&#8220;4_4&#8243; _builder_version=&#8220;4.17.3&#8243; _module_preset=&#8220;default&#8220; global_colors_info=&#8220;{}&#8220;][et_pb_text _builder_version=&#8220;4.20.4&#8243; _module_preset=&#8220;default&#8220; header_4_text_align=&#8220;center&#8220; header_4_text_color=&#8220;#ffffff&#8220; header_4_font_size=&#8220;30px&#8220; header_4_letter_spacing=&#8220;3px&#8220; animation_style=&#8220;zoom&#8220; animation_direction=&#8220;bottom&#8220; header_4_font_size_tablet=&#8220;30px&#8220; header_4_font_size_phone=&#8220;18px&#8220; header_4_font_size_last_edited=&#8220;on|phone&#8220; locked=&#8220;off&#8220; global_colors_info=&#8220;{}&#8220;]<h4>P\u0158IJ\u010eTE TO PRO\u017d\u00cdT S N\u00c1MI!<\/h4>[\/et_pb_text][\/et_pb_column][\/et_pb_row][\/et_pb_section]\n\n","protected":false},"excerpt":{"rendered":"<p>KELTOV\u00c9 NA MORAV\u011aKeltsk\u00e1 historie moravsk\u00e9ho regionu Keltov\u00e9 na Morav\u011b &#8211; keltov\u00e9 jsou nejstar\u0161\u00edm dolo\u017een\u00fdm etnikem severn\u011b od Alp. Krystaliza\u010dn\u00edm centrem t\u00e9to populace bylo \u00fazem\u00ed jihoz\u00e1padn\u00edch \u010cech, Bavorska, v\u00fdchodn\u00ed Francii a p\u0159il\u00e9haj\u00edc\u00ed \u010d\u00e1sti \u0160v\u00fdcarska. Odtud po\u010d\u00ednaje 5. stolet\u00edm p\u0159. n. l. os\u00eddlili v n\u011bkolika vln\u00e1ch celou z\u00e1padn\u00ed a st\u0159edn\u00ed Evropu. Jsou tak prvn\u00edm zn\u00e1m\u00fdm etnikem, kter\u00e9 [&hellip;]<\/p>\n","protected":false},"author":1,"featured_media":0,"parent":0,"menu_order":0,"comment_status":"closed","ping_status":"closed","template":"","meta":{"_et_pb_use_builder":"on","_et_pb_old_content":"","_et_gb_content_width":"","footnotes":""},"class_list":["post-1608","page","type-page","status-publish","hentry"],"yoast_head":"<!-- This site is optimized with the Yoast SEO plugin v27.5 - https:\/\/yoast.com\/product\/yoast-seo-wordpress\/ -->\n<title>KELTOV\u00c9 NA MORAV\u011a<\/title>\n<meta name=\"description\" content=\"\u010cl\u00e1nek pojedn\u00e1vaj\u00edc\u00ed o t\u00e9matice keltov\u00e9 na morav\u011b v souvislosti s kon\u00e1n\u00edm mezin\u00e1rodn\u00edho hudebn\u00edho festivalu Keltsk\u00e1 noc pr\u00e1v\u011b zde.\" \/>\n<meta name=\"robots\" content=\"index, follow, max-snippet:-1, max-image-preview:large, max-video-preview:-1\" \/>\n<link rel=\"canonical\" href=\"https:\/\/www.keltska-noc.cz\/en\/keltove-na-morave\/\" \/>\n<meta property=\"og:locale\" content=\"en_GB\" \/>\n<meta property=\"og:type\" content=\"article\" \/>\n<meta property=\"og:title\" content=\"KELTOV\u00c9 NA MORAV\u011a\" \/>\n<meta property=\"og:description\" content=\"\u010cl\u00e1nek pojedn\u00e1vaj\u00edc\u00ed o t\u00e9matice keltov\u00e9 na morav\u011b v souvislosti s kon\u00e1n\u00edm mezin\u00e1rodn\u00edho hudebn\u00edho festivalu Keltsk\u00e1 noc pr\u00e1v\u011b zde.\" \/>\n<meta property=\"og:url\" content=\"https:\/\/www.keltska-noc.cz\/en\/keltove-na-morave\/\" \/>\n<meta property=\"og:site_name\" content=\"KELTSK\u00c1 NOC\" \/>\n<meta property=\"article:publisher\" content=\"https:\/\/www.facebook.com\/keltskanocplumlov\" \/>\n<meta property=\"article:modified_time\" content=\"2023-04-26T22:57:18+00:00\" \/>\n<meta name=\"twitter:card\" content=\"summary_large_image\" \/>\n<meta name=\"twitter:site\" content=\"@KeltskaPlumlov\" \/>\n<meta name=\"twitter:label1\" content=\"Estimated reading time\" \/>\n\t<meta name=\"twitter:data1\" content=\"8 minutes\" \/>\n<script type=\"application\/ld+json\" class=\"yoast-schema-graph\">{\"@context\":\"https:\\\/\\\/schema.org\",\"@graph\":[{\"@type\":\"Article\",\"@id\":\"https:\\\/\\\/www.keltska-noc.cz\\\/keltove-na-morave\\\/#article\",\"isPartOf\":{\"@id\":\"https:\\\/\\\/www.keltska-noc.cz\\\/keltove-na-morave\\\/\"},\"author\":{\"name\":\"David\",\"@id\":\"https:\\\/\\\/www.keltska-noc.cz\\\/#\\\/schema\\\/person\\\/332da3e0b8cb610395c65f597b872787\"},\"headline\":\"KELTOV\u00c9 NA MORAV\u011a\",\"datePublished\":\"2022-05-03T11:48:18+00:00\",\"dateModified\":\"2023-04-26T22:57:18+00:00\",\"mainEntityOfPage\":{\"@id\":\"https:\\\/\\\/www.keltska-noc.cz\\\/keltove-na-morave\\\/\"},\"wordCount\":3185,\"publisher\":{\"@id\":\"https:\\\/\\\/www.keltska-noc.cz\\\/#organization\"},\"inLanguage\":\"en-GB\"},{\"@type\":\"WebPage\",\"@id\":\"https:\\\/\\\/www.keltska-noc.cz\\\/keltove-na-morave\\\/\",\"url\":\"https:\\\/\\\/www.keltska-noc.cz\\\/keltove-na-morave\\\/\",\"name\":\"KELTOV\u00c9 NA MORAV\u011a\",\"isPartOf\":{\"@id\":\"https:\\\/\\\/www.keltska-noc.cz\\\/#website\"},\"datePublished\":\"2022-05-03T11:48:18+00:00\",\"dateModified\":\"2023-04-26T22:57:18+00:00\",\"description\":\"\u010cl\u00e1nek pojedn\u00e1vaj\u00edc\u00ed o t\u00e9matice keltov\u00e9 na morav\u011b v souvislosti s kon\u00e1n\u00edm mezin\u00e1rodn\u00edho hudebn\u00edho festivalu Keltsk\u00e1 noc pr\u00e1v\u011b zde.\",\"breadcrumb\":{\"@id\":\"https:\\\/\\\/www.keltska-noc.cz\\\/keltove-na-morave\\\/#breadcrumb\"},\"inLanguage\":\"en-GB\",\"potentialAction\":[{\"@type\":\"ReadAction\",\"target\":[\"https:\\\/\\\/www.keltska-noc.cz\\\/keltove-na-morave\\\/\"]}]},{\"@type\":\"BreadcrumbList\",\"@id\":\"https:\\\/\\\/www.keltska-noc.cz\\\/keltove-na-morave\\\/#breadcrumb\",\"itemListElement\":[{\"@type\":\"ListItem\",\"position\":1,\"name\":\"Home\",\"item\":\"https:\\\/\\\/www.keltska-noc.cz\\\/\"},{\"@type\":\"ListItem\",\"position\":2,\"name\":\"KELTOV\u00c9 NA MORAV\u011a\"}]},{\"@type\":\"WebSite\",\"@id\":\"https:\\\/\\\/www.keltska-noc.cz\\\/#website\",\"url\":\"https:\\\/\\\/www.keltska-noc.cz\\\/\",\"name\":\"KELTSK\u00c1 NOC\",\"description\":\"mezin\u00e1rodn\u00ed hudebn\u00ed festival\",\"publisher\":{\"@id\":\"https:\\\/\\\/www.keltska-noc.cz\\\/#organization\"},\"potentialAction\":[{\"@type\":\"SearchAction\",\"target\":{\"@type\":\"EntryPoint\",\"urlTemplate\":\"https:\\\/\\\/www.keltska-noc.cz\\\/?s={search_term_string}\"},\"query-input\":{\"@type\":\"PropertyValueSpecification\",\"valueRequired\":true,\"valueName\":\"search_term_string\"}}],\"inLanguage\":\"en-GB\"},{\"@type\":\"Organization\",\"@id\":\"https:\\\/\\\/www.keltska-noc.cz\\\/#organization\",\"name\":\"KELTSK\u00c1 NOC z.s.\",\"url\":\"https:\\\/\\\/www.keltska-noc.cz\\\/\",\"logo\":{\"@type\":\"ImageObject\",\"inLanguage\":\"en-GB\",\"@id\":\"https:\\\/\\\/www.keltska-noc.cz\\\/#\\\/schema\\\/logo\\\/image\\\/\",\"url\":\"https:\\\/\\\/www.keltska-noc.cz\\\/wp-content\\\/uploads\\\/2023\\\/04\\\/CZ-LOGO.webp\",\"contentUrl\":\"https:\\\/\\\/www.keltska-noc.cz\\\/wp-content\\\/uploads\\\/2023\\\/04\\\/CZ-LOGO.webp\",\"width\":227,\"height\":61,\"caption\":\"KELTSK\u00c1 NOC z.s.\"},\"image\":{\"@id\":\"https:\\\/\\\/www.keltska-noc.cz\\\/#\\\/schema\\\/logo\\\/image\\\/\"},\"sameAs\":[\"https:\\\/\\\/www.facebook.com\\\/keltskanocplumlov\",\"https:\\\/\\\/x.com\\\/KeltskaPlumlov\"]},{\"@type\":\"Person\",\"@id\":\"https:\\\/\\\/www.keltska-noc.cz\\\/#\\\/schema\\\/person\\\/332da3e0b8cb610395c65f597b872787\",\"name\":\"David\",\"image\":{\"@type\":\"ImageObject\",\"inLanguage\":\"en-GB\",\"@id\":\"https:\\\/\\\/secure.gravatar.com\\\/avatar\\\/4e559f13205091a0b33d00bd97eec2481b61bfe80d55ae3f618469a411d5da1a?s=96&d=mm&r=g\",\"url\":\"https:\\\/\\\/secure.gravatar.com\\\/avatar\\\/4e559f13205091a0b33d00bd97eec2481b61bfe80d55ae3f618469a411d5da1a?s=96&d=mm&r=g\",\"contentUrl\":\"https:\\\/\\\/secure.gravatar.com\\\/avatar\\\/4e559f13205091a0b33d00bd97eec2481b61bfe80d55ae3f618469a411d5da1a?s=96&d=mm&r=g\",\"caption\":\"David\"},\"sameAs\":[\"https:\\\/\\\/www.keltska-noc.cz\"],\"url\":\"https:\\\/\\\/www.keltska-noc.cz\\\/en\\\/author\\\/admin\\\/\"}]}<\/script>\n<!-- \/ Yoast SEO plugin. -->","yoast_head_json":{"title":"CELTS IN MORAVIA","description":"\u010cl\u00e1nek pojedn\u00e1vaj\u00edc\u00ed o t\u00e9matice keltov\u00e9 na morav\u011b v souvislosti s kon\u00e1n\u00edm mezin\u00e1rodn\u00edho hudebn\u00edho festivalu Keltsk\u00e1 noc pr\u00e1v\u011b zde.","robots":{"index":"index","follow":"follow","max-snippet":"max-snippet:-1","max-image-preview":"max-image-preview:large","max-video-preview":"max-video-preview:-1"},"canonical":"https:\/\/www.keltska-noc.cz\/en\/keltove-na-morave\/","og_locale":"en_GB","og_type":"article","og_title":"KELTOV\u00c9 NA MORAV\u011a","og_description":"\u010cl\u00e1nek pojedn\u00e1vaj\u00edc\u00ed o t\u00e9matice keltov\u00e9 na morav\u011b v souvislosti s kon\u00e1n\u00edm mezin\u00e1rodn\u00edho hudebn\u00edho festivalu Keltsk\u00e1 noc pr\u00e1v\u011b zde.","og_url":"https:\/\/www.keltska-noc.cz\/en\/keltove-na-morave\/","og_site_name":"KELTSK\u00c1 NOC","article_publisher":"https:\/\/www.facebook.com\/keltskanocplumlov","article_modified_time":"2023-04-26T22:57:18+00:00","twitter_card":"summary_large_image","twitter_site":"@KeltskaPlumlov","twitter_misc":{"Estimated reading time":"8 minutes"},"schema":{"@context":"https:\/\/schema.org","@graph":[{"@type":"Article","@id":"https:\/\/www.keltska-noc.cz\/keltove-na-morave\/#article","isPartOf":{"@id":"https:\/\/www.keltska-noc.cz\/keltove-na-morave\/"},"author":{"name":"David","@id":"https:\/\/www.keltska-noc.cz\/#\/schema\/person\/332da3e0b8cb610395c65f597b872787"},"headline":"KELTOV\u00c9 NA MORAV\u011a","datePublished":"2022-05-03T11:48:18+00:00","dateModified":"2023-04-26T22:57:18+00:00","mainEntityOfPage":{"@id":"https:\/\/www.keltska-noc.cz\/keltove-na-morave\/"},"wordCount":3185,"publisher":{"@id":"https:\/\/www.keltska-noc.cz\/#organization"},"inLanguage":"en-GB"},{"@type":"WebPage","@id":"https:\/\/www.keltska-noc.cz\/keltove-na-morave\/","url":"https:\/\/www.keltska-noc.cz\/keltove-na-morave\/","name":"CELTS IN MORAVIA","isPartOf":{"@id":"https:\/\/www.keltska-noc.cz\/#website"},"datePublished":"2022-05-03T11:48:18+00:00","dateModified":"2023-04-26T22:57:18+00:00","description":"\u010cl\u00e1nek pojedn\u00e1vaj\u00edc\u00ed o t\u00e9matice keltov\u00e9 na morav\u011b v souvislosti s kon\u00e1n\u00edm mezin\u00e1rodn\u00edho hudebn\u00edho festivalu Keltsk\u00e1 noc pr\u00e1v\u011b zde.","breadcrumb":{"@id":"https:\/\/www.keltska-noc.cz\/keltove-na-morave\/#breadcrumb"},"inLanguage":"en-GB","potentialAction":[{"@type":"ReadAction","target":["https:\/\/www.keltska-noc.cz\/keltove-na-morave\/"]}]},{"@type":"BreadcrumbList","@id":"https:\/\/www.keltska-noc.cz\/keltove-na-morave\/#breadcrumb","itemListElement":[{"@type":"ListItem","position":1,"name":"Home","item":"https:\/\/www.keltska-noc.cz\/"},{"@type":"ListItem","position":2,"name":"KELTOV\u00c9 NA MORAV\u011a"}]},{"@type":"WebSite","@id":"https:\/\/www.keltska-noc.cz\/#website","url":"https:\/\/www.keltska-noc.cz\/","name":"CELTIC NIGHT","description":"mezin\u00e1rodn\u00ed hudebn\u00ed festival","publisher":{"@id":"https:\/\/www.keltska-noc.cz\/#organization"},"potentialAction":[{"@type":"SearchAction","target":{"@type":"EntryPoint","urlTemplate":"https:\/\/www.keltska-noc.cz\/?s={search_term_string}"},"query-input":{"@type":"PropertyValueSpecification","valueRequired":true,"valueName":"search_term_string"}}],"inLanguage":"en-GB"},{"@type":"Organization","@id":"https:\/\/www.keltska-noc.cz\/#organization","name":"KELTSK\u00c1 NOC z.s.","url":"https:\/\/www.keltska-noc.cz\/","logo":{"@type":"ImageObject","inLanguage":"en-GB","@id":"https:\/\/www.keltska-noc.cz\/#\/schema\/logo\/image\/","url":"https:\/\/www.keltska-noc.cz\/wp-content\/uploads\/2023\/04\/CZ-LOGO.webp","contentUrl":"https:\/\/www.keltska-noc.cz\/wp-content\/uploads\/2023\/04\/CZ-LOGO.webp","width":227,"height":61,"caption":"KELTSK\u00c1 NOC z.s."},"image":{"@id":"https:\/\/www.keltska-noc.cz\/#\/schema\/logo\/image\/"},"sameAs":["https:\/\/www.facebook.com\/keltskanocplumlov","https:\/\/x.com\/KeltskaPlumlov"]},{"@type":"Person","@id":"https:\/\/www.keltska-noc.cz\/#\/schema\/person\/332da3e0b8cb610395c65f597b872787","name":"David","image":{"@type":"ImageObject","inLanguage":"en-GB","@id":"https:\/\/secure.gravatar.com\/avatar\/4e559f13205091a0b33d00bd97eec2481b61bfe80d55ae3f618469a411d5da1a?s=96&d=mm&r=g","url":"https:\/\/secure.gravatar.com\/avatar\/4e559f13205091a0b33d00bd97eec2481b61bfe80d55ae3f618469a411d5da1a?s=96&d=mm&r=g","contentUrl":"https:\/\/secure.gravatar.com\/avatar\/4e559f13205091a0b33d00bd97eec2481b61bfe80d55ae3f618469a411d5da1a?s=96&d=mm&r=g","caption":"David"},"sameAs":["https:\/\/www.keltska-noc.cz"],"url":"https:\/\/www.keltska-noc.cz\/en\/author\/admin\/"}]}},"_links":{"self":[{"href":"https:\/\/www.keltska-noc.cz\/en\/wp-json\/wp\/v2\/pages\/1608","targetHints":{"allow":["GET"]}}],"collection":[{"href":"https:\/\/www.keltska-noc.cz\/en\/wp-json\/wp\/v2\/pages"}],"about":[{"href":"https:\/\/www.keltska-noc.cz\/en\/wp-json\/wp\/v2\/types\/page"}],"author":[{"embeddable":true,"href":"https:\/\/www.keltska-noc.cz\/en\/wp-json\/wp\/v2\/users\/1"}],"replies":[{"embeddable":true,"href":"https:\/\/www.keltska-noc.cz\/en\/wp-json\/wp\/v2\/comments?post=1608"}],"version-history":[{"count":57,"href":"https:\/\/www.keltska-noc.cz\/en\/wp-json\/wp\/v2\/pages\/1608\/revisions"}],"predecessor-version":[{"id":3256,"href":"https:\/\/www.keltska-noc.cz\/en\/wp-json\/wp\/v2\/pages\/1608\/revisions\/3256"}],"wp:attachment":[{"href":"https:\/\/www.keltska-noc.cz\/en\/wp-json\/wp\/v2\/media?parent=1608"}],"curies":[{"name":"wp","href":"https:\/\/api.w.org\/{rel}","templated":true}]}}