{"id":410,"date":"2022-04-25T21:53:04","date_gmt":"2022-04-25T19:53:04","guid":{"rendered":"https:\/\/www.keltska-noc.cz\/?post_type=project&#038;p=410"},"modified":"2026-02-03T12:45:14","modified_gmt":"2026-02-03T11:45:14","slug":"tomas-kocko-orchestr","status":"publish","type":"project","link":"https:\/\/www.keltska-noc.cz\/en\/project\/tomas-kocko-orchestr\/","title":{"rendered":"TOM\u00c1\u0160 KO\u010cKO &#038; ORCHESTR"},"content":{"rendered":"<p>[et_pb_section fb_built=&#8220;1&#8243; _builder_version=&#8220;4.17.3&#8243; _module_preset=&#8220;default&#8220; use_background_color_gradient=&#8220;on&#8220; background_color_gradient_direction=&#8220;62deg&#8220; background_color_gradient_stops=&#8220;#003a20 0%|rgba(1,102,0,0.52) 65%&#8220; background_image=&#8220;https:\/\/www.keltska-noc.cz\/wp-content\/uploads\/2023\/04\/pexels-scott-webb-2117937.jpg&#8220; background_blend=&#8220;multiply&#8220; custom_padding=&#8220;100px||100px||true|false&#8220; locked=&#8220;off&#8220; global_colors_info=&#8220;{}&#8220;][et_pb_row _builder_version=&#8220;4.17.3&#8243; _module_preset=&#8220;default&#8220; global_colors_info=&#8220;{}&#8220;][et_pb_column type=&#8220;4_4&#8243; _builder_version=&#8220;4.17.3&#8243; _module_preset=&#8220;default&#8220; global_colors_info=&#8220;{}&#8220;][et_pb_text _builder_version=&#8220;4.17.3&#8243; _module_preset=&#8220;default&#8220; text_font=&#8220;|||on|||||&#8220; text_text_color=&#8220;#DDD2B8&#8243; text_letter_spacing=&#8220;3px&#8220; global_colors_info=&#8220;{}&#8220;]<\/p>\n<p>interpreti keltsk\u00e9 noci<\/p>\n<p>[\/et_pb_text][et_pb_text _builder_version=&#8220;4.20.4&#8243; _dynamic_attributes=&#8220;content&#8220; _module_preset=&#8220;default&#8220; text_font=&#8220;|||on|||||&#8220; text_text_color=&#8220;#ffffff&#8220; text_font_size=&#8220;56px&#8220; text_letter_spacing=&#8220;1px&#8220; text_line_height=&#8220;1.1em&#8220; global_colors_info=&#8220;{}&#8220;]@ET-DC@eyJkeW5hbWljIjp0cnVlLCJjb250ZW50IjoicG9zdF90aXRsZSIsInNldHRpbmdzIjp7ImJlZm9yZSI6IiIsImFmdGVyIjoiIn19@[\/et_pb_text][\/et_pb_column][\/et_pb_row][\/et_pb_section][et_pb_section fb_built=&#8220;1&#8243; _builder_version=&#8220;4.17.3&#8243; _dynamic_attributes=&#8220;background_image&#8220; _module_preset=&#8220;default&#8220; background_color=&#8220;#DDD2B8&#8243; background_image=&#8220;@ET-DC@eyJkeW5hbWljIjp0cnVlLCJjb250ZW50IjoicG9zdF9mZWF0dXJlZF9pbWFnZSIsInNldHRpbmdzIjp7fX0=@&#8220; background_blend=&#8220;screen&#8220; global_colors_info=&#8220;{}&#8220;][et_pb_row column_structure=&#8220;1_2,1_2&#8243; _builder_version=&#8220;4.17.3&#8243; _module_preset=&#8220;default&#8220; global_colors_info=&#8220;{}&#8220;][et_pb_column type=&#8220;1_2&#8243; _builder_version=&#8220;4.17.3&#8243; _module_preset=&#8220;default&#8220; global_colors_info=&#8220;{}&#8220;][et_pb_image src=&#8220;@ET-DC@eyJkeW5hbWljIjp0cnVlLCJjb250ZW50IjoicG9zdF9mZWF0dXJlZF9pbWFnZSIsInNldHRpbmdzIjp7fX0=@&#8220; _builder_version=&#8220;4.17.3&#8243; _dynamic_attributes=&#8220;src&#8220; _module_preset=&#8220;default&#8220; custom_margin=&#8220;-150px||||false|false&#8220; border_radii=&#8220;on|10px|10px|10px|10px&#8220; box_shadow_style=&#8220;preset1&#8243; global_colors_info=&#8220;{}&#8220;][\/et_pb_image][et_pb_social_media_follow _builder_version=&#8220;4.27.5&#8243; _module_preset=&#8220;default&#8220; hover_enabled=&#8220;0&#8243; global_colors_info=&#8220;{}&#8220; sticky_enabled=&#8220;0&#8243;][et_pb_social_media_follow_network social_network=&#8220;facebook&#8220; url=&#8220;https:\/\/www.facebook.com\/tomaskockorchestr&#8220; _builder_version=&#8220;4.27.5&#8243; _module_preset=&#8220;default&#8220; background_color=&#8220;#3b5998&#8243; hover_enabled=&#8220;0&#8243; global_colors_info=&#8220;{}&#8220; follow_button=&#8220;off&#8220; url_new_window=&#8220;on&#8220; sticky_enabled=&#8220;0&#8243;]facebook[\/et_pb_social_media_follow_network][et_pb_social_media_follow_network social_network=&#8220;instagram&#8220; background_color=&#8220;#ea2c59&#8243; _builder_version=&#8220;4.27.5&#8243; _module_preset=&#8220;default&#8220; follow_button=&#8220;off&#8220; url_new_window=&#8220;on&#8220; url=&#8220;https:\/\/www.instagram.com\/tomas.kocko_orchestr\/&#8220; hover_enabled=&#8220;0&#8243; sticky_enabled=&#8220;0&#8243;]instagram[\/et_pb_social_media_follow_network][et_pb_social_media_follow_network social_network=&#8220;youtube&#8220; url=&#8220;https:\/\/www.youtube.com\/@Tomas_Kocko_ORCHESTR&#8220; _builder_version=&#8220;4.27.5&#8243; _module_preset=&#8220;default&#8220; background_color=&#8220;#a82400&#8243; hover_enabled=&#8220;0&#8243; global_colors_info=&#8220;{}&#8220; follow_button=&#8220;off&#8220; url_new_window=&#8220;on&#8220; sticky_enabled=&#8220;0&#8243;]youtube[\/et_pb_social_media_follow_network][et_pb_social_media_follow_network social_network=&#8220;spotify&#8220; background_color=&#8220;#1db954&#8243; _builder_version=&#8220;4.27.5&#8243; _module_preset=&#8220;default&#8220; follow_button=&#8220;off&#8220; url_new_window=&#8220;on&#8220; url=&#8220;https:\/\/open.spotify.com\/artist\/41oKLzBTWebBCUhXSTedcE?si=NVgSOkB_Q2aTfKN6It2z_w&#8220; hover_enabled=&#8220;0&#8243; sticky_enabled=&#8220;0&#8243;]spotify[\/et_pb_social_media_follow_network][\/et_pb_social_media_follow][\/et_pb_column][et_pb_column type=&#8220;1_2&#8243; _builder_version=&#8220;4.17.3&#8243; _module_preset=&#8220;default&#8220; global_colors_info=&#8220;{}&#8220;][et_pb_text _builder_version=&#8220;4.17.3&#8243; _dynamic_attributes=&#8220;content&#8220; _module_preset=&#8220;default&#8220; text_font=&#8220;|||on|||||&#8220; text_text_color=&#8220;#00592E&#8220; text_font_size=&#8220;42px&#8220; text_line_height=&#8220;1.3em&#8220; header_font=&#8220;|||on|||||&#8220; header_text_color=&#8220;#00592E&#8220; header_font_size=&#8220;42px&#8220; global_colors_info=&#8220;{}&#8220;]@ET-DC@eyJkeW5hbWljIjp0cnVlLCJjb250ZW50IjoicG9zdF90aXRsZSIsInNldHRpbmdzIjp7ImJlZm9yZSI6IiIsImFmdGVyIjoiIn19@[\/et_pb_text][et_pb_text _builder_version=&#8220;4.27.4&#8243; _module_preset=&#8220;default&#8220; header_font=&#8220;|||on|||||&#8220; header_text_color=&#8220;#00592E&#8220; header_font_size=&#8220;42px&#8220; header_2_font=&#8220;|||on|||||&#8220; header_2_text_color=&#8220;#ba8c48&#8243; header_2_font_size_tablet=&#8220;&#8220; header_2_font_size_phone=&#8220;26px&#8220; header_2_font_size_last_edited=&#8220;on|phone&#8220; global_colors_info=&#8220;{}&#8220;]<\/p>\n<h2><span>MORAVIA<\/span><\/h2>\n<p>[\/et_pb_text][et_pb_divider color=&#8220;#c6b379&#8243; divider_weight=&#8220;2px&#8220; _builder_version=&#8220;4.17.3&#8243; _module_preset=&#8220;default&#8220; global_colors_info=&#8220;{}&#8220;][\/et_pb_divider][et_pb_text module_class=&#8220;odrazeni-radku&#8220; _builder_version=&#8220;4.17.3&#8243; _module_preset=&#8220;default&#8220; text_text_color=&#8220;#000000&#8243; text_line_height=&#8220;1.5em&#8220; global_colors_info=&#8220;{}&#8220;]<\/p>\n<p>Dvojn\u00e1sobn\u00ed dr\u017eitel\u00e9 ceny And\u011bl za album roku, jejich album Popl\u00f3r bodovalo v presti\u017en\u00ed TOP 20 Europian World Music Charts, album Do kamene tesan\u00e9 aneb Ondr\u00e1\u0161 se stalo p\u0159edobrazem polsk\u00e9ho divadeln\u00edho p\u0159edstaven\u00ed Ondraszek \u2013 pan \u0141ysej G\u00f3ry.<\/p>\n<p>Se svou muzikou inspirovanou tradi\u010dn\u00ed moravskou hudbou obj\u00ed\u017ed\u011bj\u00ed Evropu od Ruska a\u017e po Irsko, hraj\u00ed na festivalech folkl\u00f3rn\u00edch, folkov\u00fdch, rockov\u00fdch i metalov\u00fdch. Zat\u00edmco jejich prvn\u00ed album \u2013 Horn\u00ed chlapci \u2013 je folkov\u00fdm holdem vala\u0161sk\u00e9mu b\u00e1sn\u00edkovi Ladislavu Nezda\u0159ilovi, aktu\u00e1ln\u00ed CD \u2013 Cestou na jih \u2013 je etnorockov\u00fdm putov\u00e1n\u00edm folkl\u00f3rn\u00edmi regiony Moravy ze severu na jih. A v rozp\u011bt\u00ed mezi t\u011bmito alby najdete hudbu Tom\u00e1\u0161e Ko\u010dka a jeho Orchestru. World music s moravsk\u00fdmi ko\u0159eny. P\u00edsni\u010dk\u00e1\u0159 Tom\u00e1\u0161 Ko\u010dko vstoupil do pov\u011bdom\u00ed \u0161ir\u0161\u00ed ve\u0159ejnosti s recit\u00e1lem, ve kter\u00e9m uvedl zhudebn\u011bnou poesii b\u00e1sn\u00edka p\u00ed\u0161\u00edc\u00edho v dialektu beskydsk\u00fdch horal\u016f \u2013 Ladislava Nezda\u0159ila . Zpopularizoval a pro mnoh\u00e9 objevil beskydsk\u00e9ho barda, kter\u00fd sv\u00e9 d\u00edlo zasv\u011btil rodn\u00fdm hor\u00e1m, jejich obyvatel\u016fm, zvyk\u016fm a slavn\u00fdm hrdin\u016fm tohoto kraje. P\u00edsn\u011b na b\u00e1snick\u00e9 texty Ladislava Nezda\u0159ila tvo\u0159\u00ed podstatnou \u010d\u00e1st Ko\u010dkova reperto\u00e1ru, kter\u00fd u\u017e n\u011bkolik let uv\u00e1d\u00ed v hudebn\u00ed formaci \u201eTom\u00e1\u0161 Ko\u010dko &amp; Orchestr\u201c.<\/p>\n<p>Druhou v\u00fdznamnou \u010d\u00e1st\u00ed reperto\u00e1ru je p\u016fvodn\u00ed ohlasov\u00e1 tvorba inspirovan\u00e1 zbojnickou t\u00e9matikou, zvl\u00e1\u0161t\u011b pov\u011bstmi a p\u00edsn\u011bmi o Ondr\u00e1\u0161ovi, legend\u00e1rn\u00edm hrdinovi beskydsk\u00fdch hor. Reperto\u00e1r dopl\u0148uj\u00ed osobit\u00e9 \u00fapravy tradi\u010dn\u00edch p\u00edsn\u00ed Moravy.<\/p>\n<p>[\/et_pb_text][et_pb_button button_url=&#8220;https:\/\/www.kocko.cz\/&#8220; url_new_window=&#8220;on&#8220; button_text=&#8220;webov\u00e9 str\u00e1nky interpreta&#8220; button_alignment=&#8220;left&#8220; _builder_version=&#8220;4.17.3&#8243; _module_preset=&#8220;default&#8220; custom_button=&#8220;on&#8220; button_text_size=&#8220;15px&#8220; button_text_color=&#8220;#00592E&#8220; button_border_width=&#8220;1px&#8220; button_font=&#8220;|||on|||||&#8220; custom_padding=&#8220;6px||||false|false&#8220; global_colors_info=&#8220;{}&#8220;][\/et_pb_button][\/et_pb_column][\/et_pb_row][\/et_pb_section][et_pb_section fb_built=&#8220;1&#8243; _builder_version=&#8220;4.17.3&#8243; _module_preset=&#8220;default&#8220; background_color=&#8220;RGBA(255,255,255,0)&#8220; use_background_color_gradient=&#8220;on&#8220; background_color_gradient_stops=&#8220;#001e10 0%|rgba(255,255,255,0) 30%&#8220; background_color_gradient_overlays_image=&#8220;on&#8220; background_image=&#8220;https:\/\/www.keltska-noc.cz\/wp-content\/uploads\/2023\/04\/BACKGROUND-GREEN.jpg&#8220; locked=&#8220;off&#8220; global_colors_info=&#8220;{}&#8220;][et_pb_row _builder_version=&#8220;4.17.3&#8243; _module_preset=&#8220;default&#8220; locked=&#8220;off&#8220; global_colors_info=&#8220;{}&#8220;][et_pb_column type=&#8220;4_4&#8243; _builder_version=&#8220;4.17.3&#8243; _module_preset=&#8220;default&#8220; global_colors_info=&#8220;{}&#8220;][et_pb_divider color=&#8220;#DDB373&#8243; divider_style=&#8220;dotted&#8220; divider_position=&#8220;center&#8220; _builder_version=&#8220;4.17.3&#8243; _module_preset=&#8220;default&#8220; width=&#8220;32%&#8220; module_alignment=&#8220;center&#8220; custom_margin=&#8220;||||false|false&#8220; custom_padding=&#8220;||||false|false&#8220; global_colors_info=&#8220;{}&#8220;][\/et_pb_divider][et_pb_text _builder_version=&#8220;4.17.3&#8243; _module_preset=&#8220;default&#8220; text_font=&#8220;|||on|||||&#8220; text_font_size=&#8220;15px&#8220; text_letter_spacing=&#8220;2px&#8220; text_orientation=&#8220;center&#8220; global_colors_info=&#8220;{}&#8220;]<span style=\"color: #ddb373;\"><a href=\"https:\/\/www.keltska-noc.cz\/program\/#interpreti\" style=\"color: #ddb373;\">Zp\u011bt na seznam interpret\u016f<\/a><\/span>[\/et_pb_text][et_pb_divider color=&#8220;#DDB373&#8243; divider_style=&#8220;dotted&#8220; divider_position=&#8220;center&#8220; _builder_version=&#8220;4.17.3&#8243; _module_preset=&#8220;default&#8220; width=&#8220;32%&#8220; module_alignment=&#8220;center&#8220; custom_margin=&#8220;-4px||||false|false&#8220; custom_padding=&#8220;||||false|false&#8220; global_colors_info=&#8220;{}&#8220;][\/et_pb_divider][\/et_pb_column][\/et_pb_row][\/et_pb_section]<\/p>\n","protected":false},"excerpt":{"rendered":"<p>interpreti keltsk\u00e9 nociMORAVIADvojn\u00e1sobn\u00ed dr\u017eitel\u00e9 ceny And\u011bl za album roku, jejich album Popl\u00f3r bodovalo v presti\u017en\u00ed TOP 20 Europian World Music Charts, album Do kamene tesan\u00e9 aneb Ondr\u00e1\u0161 se stalo p\u0159edobrazem polsk\u00e9ho divadeln\u00edho p\u0159edstaven\u00ed Ondraszek \u2013 pan \u0141ysej G\u00f3ry. Se svou muzikou inspirovanou tradi\u010dn\u00ed moravskou hudbou obj\u00ed\u017ed\u011bj\u00ed Evropu od Ruska a\u017e po Irsko, hraj\u00ed na festivalech [&hellip;]<\/p>\n","protected":false},"author":1,"featured_media":7965,"comment_status":"open","ping_status":"closed","template":"","meta":{"_et_pb_use_builder":"on","_et_pb_old_content":"","_et_gb_content_width":"","footnotes":""},"project_category":[8],"project_tag":[],"class_list":["post-410","project","type-project","status-publish","has-post-thumbnail","hentry","project_category-interpreti"],"yoast_head":"<!-- This site is optimized with the Yoast SEO plugin v27.4 - https:\/\/yoast.com\/product\/yoast-seo-wordpress\/ -->\n<title>TOM\u00c1\u0160 KO\u010cKO &amp; ORCHESTR - KELTSK\u00c1 NOC<\/title>\n<meta name=\"description\" content=\"S muzikou inspirovanou tradi\u010dn\u00ed moravskou hudbou obj\u00ed\u017ed\u00ed TOM\u00c1\u0160 KO\u010cKO &amp; ORCHESTR celou Evropu, hraj\u00ed na festivalech v\u0161ech \u017e\u00e1nr\u016f.\" \/>\n<meta name=\"robots\" content=\"index, follow, max-snippet:-1, max-image-preview:large, max-video-preview:-1\" \/>\n<link rel=\"canonical\" href=\"https:\/\/www.keltska-noc.cz\/en\/project\/tomas-kocko-orchestr\/\" \/>\n<meta property=\"og:locale\" content=\"en_GB\" \/>\n<meta property=\"og:type\" content=\"article\" \/>\n<meta property=\"og:title\" content=\"TOM\u00c1\u0160 KO\u010cKO &amp; ORCHESTR - KELTSK\u00c1 NOC\" \/>\n<meta property=\"og:description\" content=\"S muzikou inspirovanou tradi\u010dn\u00ed moravskou hudbou obj\u00ed\u017ed\u00ed TOM\u00c1\u0160 KO\u010cKO &amp; ORCHESTR celou Evropu, hraj\u00ed na festivalech v\u0161ech \u017e\u00e1nr\u016f.\" \/>\n<meta property=\"og:url\" content=\"https:\/\/www.keltska-noc.cz\/en\/project\/tomas-kocko-orchestr\/\" \/>\n<meta property=\"og:site_name\" content=\"KELTSK\u00c1 NOC\" \/>\n<meta property=\"article:publisher\" content=\"https:\/\/www.facebook.com\/keltskanocplumlov\" \/>\n<meta property=\"article:modified_time\" content=\"2026-02-03T11:45:14+00:00\" \/>\n<meta property=\"og:image\" content=\"https:\/\/www.keltska-noc.cz\/wp-content\/uploads\/2026\/02\/f_TKAO.jpg\" \/>\n\t<meta property=\"og:image:width\" content=\"1200\" \/>\n\t<meta property=\"og:image:height\" content=\"1200\" \/>\n\t<meta property=\"og:image:type\" content=\"image\/jpeg\" \/>\n<meta name=\"twitter:card\" content=\"summary_large_image\" \/>\n<meta name=\"twitter:site\" content=\"@KeltskaPlumlov\" \/>\n<meta name=\"twitter:label1\" content=\"Estimated reading time\" \/>\n\t<meta name=\"twitter:data1\" content=\"2 minutes\" \/>\n<script type=\"application\/ld+json\" class=\"yoast-schema-graph\">{\"@context\":\"https:\\\/\\\/schema.org\",\"@graph\":[{\"@type\":\"WebPage\",\"@id\":\"https:\\\/\\\/www.keltska-noc.cz\\\/project\\\/tomas-kocko-orchestr\\\/\",\"url\":\"https:\\\/\\\/www.keltska-noc.cz\\\/project\\\/tomas-kocko-orchestr\\\/\",\"name\":\"TOM\u00c1\u0160 KO\u010cKO & ORCHESTR - KELTSK\u00c1 NOC\",\"isPartOf\":{\"@id\":\"https:\\\/\\\/www.keltska-noc.cz\\\/#website\"},\"primaryImageOfPage\":{\"@id\":\"https:\\\/\\\/www.keltska-noc.cz\\\/project\\\/tomas-kocko-orchestr\\\/#primaryimage\"},\"image\":{\"@id\":\"https:\\\/\\\/www.keltska-noc.cz\\\/project\\\/tomas-kocko-orchestr\\\/#primaryimage\"},\"thumbnailUrl\":\"https:\\\/\\\/www.keltska-noc.cz\\\/wp-content\\\/uploads\\\/2026\\\/02\\\/f_TKAO.jpg\",\"datePublished\":\"2022-04-25T19:53:04+00:00\",\"dateModified\":\"2026-02-03T11:45:14+00:00\",\"description\":\"S muzikou inspirovanou tradi\u010dn\u00ed moravskou hudbou obj\u00ed\u017ed\u00ed TOM\u00c1\u0160 KO\u010cKO & ORCHESTR celou Evropu, hraj\u00ed na festivalech v\u0161ech \u017e\u00e1nr\u016f.\",\"breadcrumb\":{\"@id\":\"https:\\\/\\\/www.keltska-noc.cz\\\/project\\\/tomas-kocko-orchestr\\\/#breadcrumb\"},\"inLanguage\":\"en-GB\",\"potentialAction\":[{\"@type\":\"ReadAction\",\"target\":[\"https:\\\/\\\/www.keltska-noc.cz\\\/project\\\/tomas-kocko-orchestr\\\/\"]}]},{\"@type\":\"ImageObject\",\"inLanguage\":\"en-GB\",\"@id\":\"https:\\\/\\\/www.keltska-noc.cz\\\/project\\\/tomas-kocko-orchestr\\\/#primaryimage\",\"url\":\"https:\\\/\\\/www.keltska-noc.cz\\\/wp-content\\\/uploads\\\/2026\\\/02\\\/f_TKAO.jpg\",\"contentUrl\":\"https:\\\/\\\/www.keltska-noc.cz\\\/wp-content\\\/uploads\\\/2026\\\/02\\\/f_TKAO.jpg\",\"width\":1200,\"height\":1200},{\"@type\":\"BreadcrumbList\",\"@id\":\"https:\\\/\\\/www.keltska-noc.cz\\\/project\\\/tomas-kocko-orchestr\\\/#breadcrumb\",\"itemListElement\":[{\"@type\":\"ListItem\",\"position\":1,\"name\":\"Home\",\"item\":\"https:\\\/\\\/www.keltska-noc.cz\\\/\"},{\"@type\":\"ListItem\",\"position\":2,\"name\":\"Projects\",\"item\":\"https:\\\/\\\/www.keltska-noc.cz\\\/project\\\/\"},{\"@type\":\"ListItem\",\"position\":3,\"name\":\"TOM\u00c1\u0160 KO\u010cKO &#038; ORCHESTR\"}]},{\"@type\":\"WebSite\",\"@id\":\"https:\\\/\\\/www.keltska-noc.cz\\\/#website\",\"url\":\"https:\\\/\\\/www.keltska-noc.cz\\\/\",\"name\":\"KELTSK\u00c1 NOC\",\"description\":\"mezin\u00e1rodn\u00ed hudebn\u00ed festival\",\"publisher\":{\"@id\":\"https:\\\/\\\/www.keltska-noc.cz\\\/#organization\"},\"potentialAction\":[{\"@type\":\"SearchAction\",\"target\":{\"@type\":\"EntryPoint\",\"urlTemplate\":\"https:\\\/\\\/www.keltska-noc.cz\\\/?s={search_term_string}\"},\"query-input\":{\"@type\":\"PropertyValueSpecification\",\"valueRequired\":true,\"valueName\":\"search_term_string\"}}],\"inLanguage\":\"en-GB\"},{\"@type\":\"Organization\",\"@id\":\"https:\\\/\\\/www.keltska-noc.cz\\\/#organization\",\"name\":\"KELTSK\u00c1 NOC z.s.\",\"url\":\"https:\\\/\\\/www.keltska-noc.cz\\\/\",\"logo\":{\"@type\":\"ImageObject\",\"inLanguage\":\"en-GB\",\"@id\":\"https:\\\/\\\/www.keltska-noc.cz\\\/#\\\/schema\\\/logo\\\/image\\\/\",\"url\":\"https:\\\/\\\/www.keltska-noc.cz\\\/wp-content\\\/uploads\\\/2023\\\/04\\\/CZ-LOGO.webp\",\"contentUrl\":\"https:\\\/\\\/www.keltska-noc.cz\\\/wp-content\\\/uploads\\\/2023\\\/04\\\/CZ-LOGO.webp\",\"width\":227,\"height\":61,\"caption\":\"KELTSK\u00c1 NOC z.s.\"},\"image\":{\"@id\":\"https:\\\/\\\/www.keltska-noc.cz\\\/#\\\/schema\\\/logo\\\/image\\\/\"},\"sameAs\":[\"https:\\\/\\\/www.facebook.com\\\/keltskanocplumlov\",\"https:\\\/\\\/x.com\\\/KeltskaPlumlov\"]}]}<\/script>\n<!-- \/ Yoast SEO plugin. -->","yoast_head_json":{"title":"TOM\u00c1\u0160 KO\u010cKO & ORCHESTR - KELTSK\u00c1 NOC","description":"S muzikou inspirovanou tradi\u010dn\u00ed moravskou hudbou obj\u00ed\u017ed\u00ed TOM\u00c1\u0160 KO\u010cKO & ORCHESTR celou Evropu, hraj\u00ed na festivalech v\u0161ech \u017e\u00e1nr\u016f.","robots":{"index":"index","follow":"follow","max-snippet":"max-snippet:-1","max-image-preview":"max-image-preview:large","max-video-preview":"max-video-preview:-1"},"canonical":"https:\/\/www.keltska-noc.cz\/en\/project\/tomas-kocko-orchestr\/","og_locale":"en_GB","og_type":"article","og_title":"TOM\u00c1\u0160 KO\u010cKO & ORCHESTR - KELTSK\u00c1 NOC","og_description":"S muzikou inspirovanou tradi\u010dn\u00ed moravskou hudbou obj\u00ed\u017ed\u00ed TOM\u00c1\u0160 KO\u010cKO & ORCHESTR celou Evropu, hraj\u00ed na festivalech v\u0161ech \u017e\u00e1nr\u016f.","og_url":"https:\/\/www.keltska-noc.cz\/en\/project\/tomas-kocko-orchestr\/","og_site_name":"KELTSK\u00c1 NOC","article_publisher":"https:\/\/www.facebook.com\/keltskanocplumlov","article_modified_time":"2026-02-03T11:45:14+00:00","og_image":[{"width":1200,"height":1200,"url":"https:\/\/www.keltska-noc.cz\/wp-content\/uploads\/2026\/02\/f_TKAO.jpg","type":"image\/jpeg"}],"twitter_card":"summary_large_image","twitter_site":"@KeltskaPlumlov","twitter_misc":{"Estimated reading time":"2 minutes"},"schema":{"@context":"https:\/\/schema.org","@graph":[{"@type":"WebPage","@id":"https:\/\/www.keltska-noc.cz\/project\/tomas-kocko-orchestr\/","url":"https:\/\/www.keltska-noc.cz\/project\/tomas-kocko-orchestr\/","name":"TOM\u00c1\u0160 KO\u010cKO & ORCHESTR - KELTSK\u00c1 NOC","isPartOf":{"@id":"https:\/\/www.keltska-noc.cz\/#website"},"primaryImageOfPage":{"@id":"https:\/\/www.keltska-noc.cz\/project\/tomas-kocko-orchestr\/#primaryimage"},"image":{"@id":"https:\/\/www.keltska-noc.cz\/project\/tomas-kocko-orchestr\/#primaryimage"},"thumbnailUrl":"https:\/\/www.keltska-noc.cz\/wp-content\/uploads\/2026\/02\/f_TKAO.jpg","datePublished":"2022-04-25T19:53:04+00:00","dateModified":"2026-02-03T11:45:14+00:00","description":"S muzikou inspirovanou tradi\u010dn\u00ed moravskou hudbou obj\u00ed\u017ed\u00ed TOM\u00c1\u0160 KO\u010cKO & ORCHESTR celou Evropu, hraj\u00ed na festivalech v\u0161ech \u017e\u00e1nr\u016f.","breadcrumb":{"@id":"https:\/\/www.keltska-noc.cz\/project\/tomas-kocko-orchestr\/#breadcrumb"},"inLanguage":"en-GB","potentialAction":[{"@type":"ReadAction","target":["https:\/\/www.keltska-noc.cz\/project\/tomas-kocko-orchestr\/"]}]},{"@type":"ImageObject","inLanguage":"en-GB","@id":"https:\/\/www.keltska-noc.cz\/project\/tomas-kocko-orchestr\/#primaryimage","url":"https:\/\/www.keltska-noc.cz\/wp-content\/uploads\/2026\/02\/f_TKAO.jpg","contentUrl":"https:\/\/www.keltska-noc.cz\/wp-content\/uploads\/2026\/02\/f_TKAO.jpg","width":1200,"height":1200},{"@type":"BreadcrumbList","@id":"https:\/\/www.keltska-noc.cz\/project\/tomas-kocko-orchestr\/#breadcrumb","itemListElement":[{"@type":"ListItem","position":1,"name":"Home","item":"https:\/\/www.keltska-noc.cz\/"},{"@type":"ListItem","position":2,"name":"Projects","item":"https:\/\/www.keltska-noc.cz\/project\/"},{"@type":"ListItem","position":3,"name":"TOM\u00c1\u0160 KO\u010cKO &#038; ORCHESTR"}]},{"@type":"WebSite","@id":"https:\/\/www.keltska-noc.cz\/#website","url":"https:\/\/www.keltska-noc.cz\/","name":"CELTIC NIGHT","description":"mezin\u00e1rodn\u00ed hudebn\u00ed festival","publisher":{"@id":"https:\/\/www.keltska-noc.cz\/#organization"},"potentialAction":[{"@type":"SearchAction","target":{"@type":"EntryPoint","urlTemplate":"https:\/\/www.keltska-noc.cz\/?s={search_term_string}"},"query-input":{"@type":"PropertyValueSpecification","valueRequired":true,"valueName":"search_term_string"}}],"inLanguage":"en-GB"},{"@type":"Organization","@id":"https:\/\/www.keltska-noc.cz\/#organization","name":"KELTSK\u00c1 NOC z.s.","url":"https:\/\/www.keltska-noc.cz\/","logo":{"@type":"ImageObject","inLanguage":"en-GB","@id":"https:\/\/www.keltska-noc.cz\/#\/schema\/logo\/image\/","url":"https:\/\/www.keltska-noc.cz\/wp-content\/uploads\/2023\/04\/CZ-LOGO.webp","contentUrl":"https:\/\/www.keltska-noc.cz\/wp-content\/uploads\/2023\/04\/CZ-LOGO.webp","width":227,"height":61,"caption":"KELTSK\u00c1 NOC z.s."},"image":{"@id":"https:\/\/www.keltska-noc.cz\/#\/schema\/logo\/image\/"},"sameAs":["https:\/\/www.facebook.com\/keltskanocplumlov","https:\/\/x.com\/KeltskaPlumlov"]}]}},"_links":{"self":[{"href":"https:\/\/www.keltska-noc.cz\/en\/wp-json\/wp\/v2\/project\/410","targetHints":{"allow":["GET"]}}],"collection":[{"href":"https:\/\/www.keltska-noc.cz\/en\/wp-json\/wp\/v2\/project"}],"about":[{"href":"https:\/\/www.keltska-noc.cz\/en\/wp-json\/wp\/v2\/types\/project"}],"author":[{"embeddable":true,"href":"https:\/\/www.keltska-noc.cz\/en\/wp-json\/wp\/v2\/users\/1"}],"replies":[{"embeddable":true,"href":"https:\/\/www.keltska-noc.cz\/en\/wp-json\/wp\/v2\/comments?post=410"}],"version-history":[{"count":27,"href":"https:\/\/www.keltska-noc.cz\/en\/wp-json\/wp\/v2\/project\/410\/revisions"}],"predecessor-version":[{"id":7971,"href":"https:\/\/www.keltska-noc.cz\/en\/wp-json\/wp\/v2\/project\/410\/revisions\/7971"}],"wp:featuredmedia":[{"embeddable":true,"href":"https:\/\/www.keltska-noc.cz\/en\/wp-json\/wp\/v2\/media\/7965"}],"wp:attachment":[{"href":"https:\/\/www.keltska-noc.cz\/en\/wp-json\/wp\/v2\/media?parent=410"}],"wp:term":[{"taxonomy":"project_category","embeddable":true,"href":"https:\/\/www.keltska-noc.cz\/en\/wp-json\/wp\/v2\/project_category?post=410"},{"taxonomy":"project_tag","embeddable":true,"href":"https:\/\/www.keltska-noc.cz\/en\/wp-json\/wp\/v2\/project_tag?post=410"}],"curies":[{"name":"wp","href":"https:\/\/api.w.org\/{rel}","templated":true}]}}