{"id":6072,"date":"2023-05-26T22:20:57","date_gmt":"2023-05-26T20:20:57","guid":{"rendered":"https:\/\/www.keltska-noc.cz\/?post_type=project&#038;p=6072"},"modified":"2024-07-11T14:34:03","modified_gmt":"2024-07-11T12:34:03","slug":"celtycki-wroclaw","status":"publish","type":"project","link":"https:\/\/www.keltska-noc.cz\/en\/project\/celtycki-wroclaw\/","title":{"rendered":"CELTYCKI WROCLAW"},"content":{"rendered":"\n[et_pb_section fb_built=&#8220;1&#8243; _builder_version=&#8220;4.17.3&#8243; _module_preset=&#8220;default&#8220; use_background_color_gradient=&#8220;on&#8220; background_color_gradient_direction=&#8220;62deg&#8220; background_color_gradient_stops=&#8220;#003a20 0%|rgba(1,102,0,0.52) 65%&#8220; background_image=&#8220;https:\/\/www.keltska-noc.cz\/wp-content\/uploads\/2023\/04\/pexels-scott-webb-2117937.jpg&#8220; background_blend=&#8220;multiply&#8220; custom_padding=&#8220;100px||100px||true|false&#8220; locked=&#8220;off&#8220; global_colors_info=&#8220;{}&#8220;][et_pb_row _builder_version=&#8220;4.17.3&#8243; _module_preset=&#8220;default&#8220; global_colors_info=&#8220;{}&#8220;][et_pb_column type=&#8220;4_4&#8243; _builder_version=&#8220;4.17.3&#8243; _module_preset=&#8220;default&#8220; global_colors_info=&#8220;{}&#8220;][et_pb_text _builder_version=&#8220;4.17.3&#8243; _module_preset=&#8220;default&#8220; text_font=&#8220;|||on|||||&#8220; text_text_color=&#8220;#DDD2B8&#8243; text_letter_spacing=&#8220;3px&#8220; global_colors_info=&#8220;{}&#8220;]<p>interpreti keltsk\u00e9 noci<\/p>[\/et_pb_text][et_pb_text _builder_version=&#8220;4.20.4&#8243; _dynamic_attributes=&#8220;content&#8220; _module_preset=&#8220;default&#8220; text_font=&#8220;|||on|||||&#8220; text_text_color=&#8220;#ffffff&#8220; text_font_size=&#8220;56px&#8220; text_letter_spacing=&#8220;1px&#8220; text_line_height=&#8220;1.1em&#8220; global_colors_info=&#8220;{}&#8220;]@ET-DC@eyJkeW5hbWljIjp0cnVlLCJjb250ZW50IjoicG9zdF90aXRsZSIsInNldHRpbmdzIjp7ImJlZm9yZSI6IiIsImFmdGVyIjoiIn19@[\/et_pb_text][\/et_pb_column][\/et_pb_row][\/et_pb_section][et_pb_section fb_built=&#8220;1&#8243; _builder_version=&#8220;4.17.3&#8243; _dynamic_attributes=&#8220;background_image&#8220; _module_preset=&#8220;default&#8220; background_color=&#8220;#DDD2B8&#8243; background_image=&#8220;@ET-DC@eyJkeW5hbWljIjp0cnVlLCJjb250ZW50IjoicG9zdF9mZWF0dXJlZF9pbWFnZSIsInNldHRpbmdzIjp7fX0=@&#8220; background_blend=&#8220;screen&#8220; global_colors_info=&#8220;{}&#8220;][et_pb_row column_structure=&#8220;1_2,1_2&#8243; _builder_version=&#8220;4.17.3&#8243; _module_preset=&#8220;default&#8220; global_colors_info=&#8220;{}&#8220;][et_pb_column type=&#8220;1_2&#8243; _builder_version=&#8220;4.17.3&#8243; _module_preset=&#8220;default&#8220; global_colors_info=&#8220;{}&#8220;][et_pb_image src=&#8220;@ET-DC@eyJkeW5hbWljIjp0cnVlLCJjb250ZW50IjoicG9zdF9mZWF0dXJlZF9pbWFnZSIsInNldHRpbmdzIjp7fX0=@&#8220; _builder_version=&#8220;4.17.3&#8243; _dynamic_attributes=&#8220;src&#8220; _module_preset=&#8220;default&#8220; custom_margin=&#8220;-150px||||false|false&#8220; border_radii=&#8220;on|10px|10px|10px|10px&#8220; box_shadow_style=&#8220;preset1&#8243; global_colors_info=&#8220;{}&#8220;][\/et_pb_image][et_pb_social_media_follow _builder_version=&#8220;4.21.0&#8243; _module_preset=&#8220;default&#8220; hover_enabled=&#8220;0&#8243; global_colors_info=&#8220;{}&#8220; sticky_enabled=&#8220;0&#8243;][et_pb_social_media_follow_network social_network=&#8220;facebook&#8220; url=&#8220;https:\/\/www.facebook.com\/CeltyckiWroclaw\/?locale=pl_PL&#8220; _builder_version=&#8220;4.21.0&#8243; _module_preset=&#8220;default&#8220; background_color=&#8220;#3b5998&#8243; hover_enabled=&#8220;0&#8243; global_colors_info=&#8220;{}&#8220; follow_button=&#8220;off&#8220; url_new_window=&#8220;on&#8220; sticky_enabled=&#8220;0&#8243;]facebook[\/et_pb_social_media_follow_network][et_pb_social_media_follow_network social_network=&#8220;instagram&#8220; background_color=&#8220;#ea2c59&#8243; _builder_version=&#8220;4.21.0&#8243; _module_preset=&#8220;default&#8220; follow_button=&#8220;off&#8220; url_new_window=&#8220;on&#8220; url=&#8220;https:\/\/www.instagram.com\/celtycki.wroclaw\/&#8220; hover_enabled=&#8220;0&#8243; sticky_enabled=&#8220;0&#8243;]instagram[\/et_pb_social_media_follow_network][et_pb_social_media_follow_network social_network=&#8220;youtube&#8220; background_color=&#8220;#a82400&#8243; _builder_version=&#8220;4.21.0&#8243; _module_preset=&#8220;default&#8220; follow_button=&#8220;off&#8220; url_new_window=&#8220;on&#8220; url=&#8220;https:\/\/www.youtube.com\/channel\/UCcQhBrI1xl9A8omxCSyi-3Q&#8220; hover_enabled=&#8220;0&#8243; sticky_enabled=&#8220;0&#8243;]youtube[\/et_pb_social_media_follow_network][\/et_pb_social_media_follow][\/et_pb_column][et_pb_column type=&#8220;1_2&#8243; _builder_version=&#8220;4.17.3&#8243; _module_preset=&#8220;default&#8220; global_colors_info=&#8220;{}&#8220;][et_pb_text _builder_version=&#8220;4.17.3&#8243; _dynamic_attributes=&#8220;content&#8220; _module_preset=&#8220;default&#8220; text_font=&#8220;|||on|||||&#8220; text_text_color=&#8220;#00592E&#8220; text_font_size=&#8220;42px&#8220; text_line_height=&#8220;1.3em&#8220; header_font=&#8220;|||on|||||&#8220; header_text_color=&#8220;#00592E&#8220; header_font_size=&#8220;42px&#8220; global_colors_info=&#8220;{}&#8220;]@ET-DC@eyJkeW5hbWljIjp0cnVlLCJjb250ZW50IjoicG9zdF90aXRsZSIsInNldHRpbmdzIjp7ImJlZm9yZSI6IiIsImFmdGVyIjoiIn19@[\/et_pb_text][et_pb_text _builder_version=&#8220;4.21.0&#8243; _module_preset=&#8220;default&#8220; header_font=&#8220;|||on|||||&#8220; header_text_color=&#8220;#00592E&#8220; header_font_size=&#8220;42px&#8220; header_2_font=&#8220;|||on|||||&#8220; header_2_text_color=&#8220;#ba8c48&#8243; header_2_font_size_tablet=&#8220;&#8220; header_2_font_size_phone=&#8220;26px&#8220; header_2_font_size_last_edited=&#8220;on|phone&#8220; global_colors_info=&#8220;{}&#8220;]<h2><span>POLSKO<\/span><\/h2>[\/et_pb_text][et_pb_divider color=&#8220;#c6b379&#8243; divider_weight=&#8220;2px&#8220; _builder_version=&#8220;4.17.3&#8243; _module_preset=&#8220;default&#8220; global_colors_info=&#8220;{}&#8220;][\/et_pb_divider][et_pb_text module_class=&#8220;odrazeni-radku&#8220; _builder_version=&#8220;4.21.0&#8243; _module_preset=&#8220;default&#8220; text_text_color=&#8220;#000000&#8243; text_line_height=&#8220;1.5em&#8220; hover_enabled=&#8220;0&#8243; global_colors_info=&#8220;{}&#8220; sticky_enabled=&#8220;0&#8243;]<p>Celtycki Wroc\u0142aw je skupina hudebn\u00edk\u016f poch\u00e1zej\u00edc\u00edch ze sdru\u017een\u00ed propaguj\u00edc\u00edho keltskou kulturu v Polsku. A\u0165 u\u017e jsou to irsk\u00e9 jigy a reely, p\u00edsn\u011b o l\u00e1sce, vzpour\u00e1ch a pit\u00ed, stejn\u011b jako breta\u0148sk\u00e9 tane\u010dn\u00ed melodie, toto hudebn\u00ed trio sd\u00edl\u00ed svou hudbu s v\u00fdjime\u010dnou energi\u00ed a v\u00e1\u0161n\u00ed.<\/p>\n<p>Ula Kapa\u0142a, kter\u00e1 \u017eila mnoho let v Dublinu, je jedn\u00edm z nejuzn\u00e1van\u011bj\u0161\u00edch polsk\u00fdch folkov\u00fdch zp\u011bv\u00e1k\u016f a kytarist\u016f odpov\u011bdn\u00fdch za keltsk\u00e9 folkov\u00e9 obrozen\u00ed v zemi. \u0141ukasz Potoczny, multiinstrumentalista (banjo, akustick\u00e1 kytara, akordeon) a zp\u011bv\u00e1k, je v\u0161estrann\u00fd hr\u00e1\u010d irsk\u00e9 tradi\u010dn\u00ed hudby a v\u016fdce \u017eiv\u00e9 session komunity ve Wroclawi. A kone\u010dn\u011b Jakub \u201eGoldfinch\u201c Szczygie\u0142 je zku\u0161en\u00fd hr\u00e1\u010d na irskou fl\u00e9tnu a whistle, skladatel a tak\u00e9 zn\u00e1m\u00fd v\u00fdrobce n\u00e1stroj\u016f (Goldfinch Whistles), je zn\u00e1m\u00fd tak\u00e9 z jin\u00fdch keltsky orientovan\u00fdch kapel, jako je nap\u0159. polsk\u00fd Beltaine. Slo\u017een\u00ed kapely:<\/p>\n<p>&nbsp;<\/p>\n<ul>\n<li>Ula Kapa\u0142a &#8211; vocals, acoustic guitar<\/li>\n<li>\u0141ukasz Potoczny &#8211; vocals, banjo, diatonic accordion<\/li>\n<li>Jakub Szczygie\u0142 &#8211; Irish flute, whistles<\/li>\n<\/ul>[\/et_pb_text][et_pb_button button_url=&#8220;https:\/\/celtyckiwroclaw.pl&#8220; url_new_window=&#8220;on&#8220; button_text=&#8220;webov\u00e9 str\u00e1nky interpreta&#8220; button_alignment=&#8220;left&#8220; _builder_version=&#8220;4.21.0&#8243; _module_preset=&#8220;default&#8220; custom_button=&#8220;on&#8220; button_text_size=&#8220;15px&#8220; button_text_color=&#8220;#00592E&#8220; button_border_width=&#8220;1px&#8220; button_letter_spacing=&#8220;0px&#8220; button_font=&#8220;|||on|||||&#8220; custom_padding=&#8220;6px||||false|false&#8220; hover_enabled=&#8220;0&#8243; global_colors_info=&#8220;{}&#8220; sticky_enabled=&#8220;0&#8243;][\/et_pb_button][\/et_pb_column][\/et_pb_row][\/et_pb_section][et_pb_section fb_built=&#8220;1&#8243; _builder_version=&#8220;4.17.3&#8243; _module_preset=&#8220;default&#8220; background_color=&#8220;RGBA(255,255,255,0)&#8220; use_background_color_gradient=&#8220;on&#8220; background_color_gradient_stops=&#8220;#001e10 0%|rgba(255,255,255,0) 30%&#8220; background_color_gradient_overlays_image=&#8220;on&#8220; background_image=&#8220;https:\/\/www.keltska-noc.cz\/wp-content\/uploads\/2023\/04\/BACKGROUND-GREEN.jpg&#8220; locked=&#8220;off&#8220; global_colors_info=&#8220;{}&#8220;][et_pb_row _builder_version=&#8220;4.17.3&#8243; _module_preset=&#8220;default&#8220; locked=&#8220;off&#8220; global_colors_info=&#8220;{}&#8220;][et_pb_column type=&#8220;4_4&#8243; _builder_version=&#8220;4.17.3&#8243; _module_preset=&#8220;default&#8220; global_colors_info=&#8220;{}&#8220;][et_pb_divider color=&#8220;#DDB373&#8243; divider_style=&#8220;dotted&#8220; divider_position=&#8220;center&#8220; _builder_version=&#8220;4.17.3&#8243; _module_preset=&#8220;default&#8220; width=&#8220;32%&#8220; module_alignment=&#8220;center&#8220; custom_margin=&#8220;||||false|false&#8220; custom_padding=&#8220;||||false|false&#8220; global_colors_info=&#8220;{}&#8220;][\/et_pb_divider][et_pb_text _builder_version=&#8220;4.17.3&#8243; _module_preset=&#8220;default&#8220; text_font=&#8220;|||on|||||&#8220; text_font_size=&#8220;15px&#8220; text_letter_spacing=&#8220;2px&#8220; text_orientation=&#8220;center&#8220; global_colors_info=&#8220;{}&#8220;]<span style=\"color: #ddb373;\"><a href=\"https:\/\/www.keltska-noc.cz\/program\/#interpreti\" style=\"color: #ddb373;\">Zp\u011bt na seznam interpret\u016f<\/a><\/span>[\/et_pb_text][et_pb_divider color=&#8220;#DDB373&#8243; divider_style=&#8220;dotted&#8220; divider_position=&#8220;center&#8220; _builder_version=&#8220;4.17.3&#8243; _module_preset=&#8220;default&#8220; width=&#8220;32%&#8220; module_alignment=&#8220;center&#8220; custom_margin=&#8220;-4px||||false|false&#8220; custom_padding=&#8220;||||false|false&#8220; global_colors_info=&#8220;{}&#8220;][\/et_pb_divider][\/et_pb_column][\/et_pb_row][\/et_pb_section]\n","protected":false},"excerpt":{"rendered":"<p>interpreti keltsk\u00e9 nociPOLSKOCeltycki Wroc\u0142aw je skupina hudebn\u00edk\u016f poch\u00e1zej\u00edc\u00edch ze sdru\u017een\u00ed propaguj\u00edc\u00edho keltskou kulturu v Polsku. A\u0165 u\u017e jsou to irsk\u00e9 jigy a reely, p\u00edsn\u011b o l\u00e1sce, vzpour\u00e1ch a pit\u00ed, stejn\u011b jako breta\u0148sk\u00e9 tane\u010dn\u00ed melodie, toto hudebn\u00ed trio sd\u00edl\u00ed svou hudbu s v\u00fdjime\u010dnou energi\u00ed a v\u00e1\u0161n\u00ed. Ula Kapa\u0142a, kter\u00e1 \u017eila mnoho let v Dublinu, je jedn\u00edm [&hellip;]<\/p>\n","protected":false},"author":1,"featured_media":6705,"comment_status":"closed","ping_status":"closed","template":"","meta":{"_et_pb_use_builder":"on","_et_pb_old_content":"","_et_gb_content_width":"","footnotes":""},"project_category":[8],"project_tag":[],"class_list":["post-6072","project","type-project","status-publish","has-post-thumbnail","hentry","project_category-interpreti"],"yoast_head":"<!-- This site is optimized with the Yoast SEO plugin v27.5 - https:\/\/yoast.com\/product\/yoast-seo-wordpress\/ -->\n<title>CELTYCKI WROCLAW - KELTSK\u00c1 NOC<\/title>\n<meta name=\"robots\" content=\"index, follow, max-snippet:-1, max-image-preview:large, max-video-preview:-1\" \/>\n<link rel=\"canonical\" href=\"https:\/\/www.keltska-noc.cz\/en\/project\/celtycki-wroclaw\/\" \/>\n<meta property=\"og:locale\" content=\"en_GB\" \/>\n<meta property=\"og:type\" content=\"article\" \/>\n<meta property=\"og:title\" content=\"CELTYCKI WROCLAW - KELTSK\u00c1 NOC\" \/>\n<meta property=\"og:description\" content=\"interpreti keltsk\u00e9 nociPOLSKOCeltycki Wroc\u0142aw je skupina hudebn\u00edk\u016f poch\u00e1zej\u00edc\u00edch ze sdru\u017een\u00ed propaguj\u00edc\u00edho keltskou kulturu v Polsku. A\u0165 u\u017e jsou to irsk\u00e9 jigy a reely, p\u00edsn\u011b o l\u00e1sce, vzpour\u00e1ch a pit\u00ed, stejn\u011b jako breta\u0148sk\u00e9 tane\u010dn\u00ed melodie, toto hudebn\u00ed trio sd\u00edl\u00ed svou hudbu s v\u00fdjime\u010dnou energi\u00ed a v\u00e1\u0161n\u00ed. Ula Kapa\u0142a, kter\u00e1 \u017eila mnoho let v Dublinu, je jedn\u00edm [&hellip;]\" \/>\n<meta property=\"og:url\" content=\"https:\/\/www.keltska-noc.cz\/en\/project\/celtycki-wroclaw\/\" \/>\n<meta property=\"og:site_name\" content=\"KELTSK\u00c1 NOC\" \/>\n<meta property=\"article:publisher\" content=\"https:\/\/www.facebook.com\/keltskanocplumlov\" \/>\n<meta property=\"article:modified_time\" content=\"2024-07-11T12:34:03+00:00\" \/>\n<meta property=\"og:image\" content=\"https:\/\/www.keltska-noc.cz\/wp-content\/uploads\/2023\/05\/f_Celtycki_Wroclaw_new.jpg\" \/>\n\t<meta property=\"og:image:width\" content=\"1200\" \/>\n\t<meta property=\"og:image:height\" content=\"1200\" \/>\n\t<meta property=\"og:image:type\" content=\"image\/jpeg\" \/>\n<meta name=\"twitter:card\" content=\"summary_large_image\" \/>\n<meta name=\"twitter:site\" content=\"@KeltskaPlumlov\" \/>\n<meta name=\"twitter:label1\" content=\"Estimated reading time\" \/>\n\t<meta name=\"twitter:data1\" content=\"1 minute\" \/>\n<script type=\"application\/ld+json\" class=\"yoast-schema-graph\">{\"@context\":\"https:\\\/\\\/schema.org\",\"@graph\":[{\"@type\":\"WebPage\",\"@id\":\"https:\\\/\\\/www.keltska-noc.cz\\\/project\\\/celtycki-wroclaw\\\/\",\"url\":\"https:\\\/\\\/www.keltska-noc.cz\\\/project\\\/celtycki-wroclaw\\\/\",\"name\":\"CELTYCKI WROCLAW - KELTSK\u00c1 NOC\",\"isPartOf\":{\"@id\":\"https:\\\/\\\/www.keltska-noc.cz\\\/#website\"},\"primaryImageOfPage\":{\"@id\":\"https:\\\/\\\/www.keltska-noc.cz\\\/project\\\/celtycki-wroclaw\\\/#primaryimage\"},\"image\":{\"@id\":\"https:\\\/\\\/www.keltska-noc.cz\\\/project\\\/celtycki-wroclaw\\\/#primaryimage\"},\"thumbnailUrl\":\"https:\\\/\\\/www.keltska-noc.cz\\\/wp-content\\\/uploads\\\/2023\\\/05\\\/f_Celtycki_Wroclaw_new.jpg\",\"datePublished\":\"2023-05-26T20:20:57+00:00\",\"dateModified\":\"2024-07-11T12:34:03+00:00\",\"breadcrumb\":{\"@id\":\"https:\\\/\\\/www.keltska-noc.cz\\\/project\\\/celtycki-wroclaw\\\/#breadcrumb\"},\"inLanguage\":\"en-GB\",\"potentialAction\":[{\"@type\":\"ReadAction\",\"target\":[\"https:\\\/\\\/www.keltska-noc.cz\\\/project\\\/celtycki-wroclaw\\\/\"]}]},{\"@type\":\"ImageObject\",\"inLanguage\":\"en-GB\",\"@id\":\"https:\\\/\\\/www.keltska-noc.cz\\\/project\\\/celtycki-wroclaw\\\/#primaryimage\",\"url\":\"https:\\\/\\\/www.keltska-noc.cz\\\/wp-content\\\/uploads\\\/2023\\\/05\\\/f_Celtycki_Wroclaw_new.jpg\",\"contentUrl\":\"https:\\\/\\\/www.keltska-noc.cz\\\/wp-content\\\/uploads\\\/2023\\\/05\\\/f_Celtycki_Wroclaw_new.jpg\",\"width\":1200,\"height\":1200,\"caption\":\"CELTYCKI WROCLAW\"},{\"@type\":\"BreadcrumbList\",\"@id\":\"https:\\\/\\\/www.keltska-noc.cz\\\/project\\\/celtycki-wroclaw\\\/#breadcrumb\",\"itemListElement\":[{\"@type\":\"ListItem\",\"position\":1,\"name\":\"Home\",\"item\":\"https:\\\/\\\/www.keltska-noc.cz\\\/\"},{\"@type\":\"ListItem\",\"position\":2,\"name\":\"Projects\",\"item\":\"https:\\\/\\\/www.keltska-noc.cz\\\/project\\\/\"},{\"@type\":\"ListItem\",\"position\":3,\"name\":\"CELTYCKI WROCLAW\"}]},{\"@type\":\"WebSite\",\"@id\":\"https:\\\/\\\/www.keltska-noc.cz\\\/#website\",\"url\":\"https:\\\/\\\/www.keltska-noc.cz\\\/\",\"name\":\"KELTSK\u00c1 NOC\",\"description\":\"mezin\u00e1rodn\u00ed hudebn\u00ed festival\",\"publisher\":{\"@id\":\"https:\\\/\\\/www.keltska-noc.cz\\\/#organization\"},\"potentialAction\":[{\"@type\":\"SearchAction\",\"target\":{\"@type\":\"EntryPoint\",\"urlTemplate\":\"https:\\\/\\\/www.keltska-noc.cz\\\/?s={search_term_string}\"},\"query-input\":{\"@type\":\"PropertyValueSpecification\",\"valueRequired\":true,\"valueName\":\"search_term_string\"}}],\"inLanguage\":\"en-GB\"},{\"@type\":\"Organization\",\"@id\":\"https:\\\/\\\/www.keltska-noc.cz\\\/#organization\",\"name\":\"KELTSK\u00c1 NOC z.s.\",\"url\":\"https:\\\/\\\/www.keltska-noc.cz\\\/\",\"logo\":{\"@type\":\"ImageObject\",\"inLanguage\":\"en-GB\",\"@id\":\"https:\\\/\\\/www.keltska-noc.cz\\\/#\\\/schema\\\/logo\\\/image\\\/\",\"url\":\"https:\\\/\\\/www.keltska-noc.cz\\\/wp-content\\\/uploads\\\/2023\\\/04\\\/CZ-LOGO.webp\",\"contentUrl\":\"https:\\\/\\\/www.keltska-noc.cz\\\/wp-content\\\/uploads\\\/2023\\\/04\\\/CZ-LOGO.webp\",\"width\":227,\"height\":61,\"caption\":\"KELTSK\u00c1 NOC z.s.\"},\"image\":{\"@id\":\"https:\\\/\\\/www.keltska-noc.cz\\\/#\\\/schema\\\/logo\\\/image\\\/\"},\"sameAs\":[\"https:\\\/\\\/www.facebook.com\\\/keltskanocplumlov\",\"https:\\\/\\\/x.com\\\/KeltskaPlumlov\"]}]}<\/script>\n<!-- \/ Yoast SEO plugin. -->","yoast_head_json":{"title":"CELTYCKI WROCLAW - KELTSK\u00c1 NOC","robots":{"index":"index","follow":"follow","max-snippet":"max-snippet:-1","max-image-preview":"max-image-preview:large","max-video-preview":"max-video-preview:-1"},"canonical":"https:\/\/www.keltska-noc.cz\/en\/project\/celtycki-wroclaw\/","og_locale":"en_GB","og_type":"article","og_title":"CELTYCKI WROCLAW - KELTSK\u00c1 NOC","og_description":"interpreti keltsk\u00e9 nociPOLSKOCeltycki Wroc\u0142aw je skupina hudebn\u00edk\u016f poch\u00e1zej\u00edc\u00edch ze sdru\u017een\u00ed propaguj\u00edc\u00edho keltskou kulturu v Polsku. A\u0165 u\u017e jsou to irsk\u00e9 jigy a reely, p\u00edsn\u011b o l\u00e1sce, vzpour\u00e1ch a pit\u00ed, stejn\u011b jako breta\u0148sk\u00e9 tane\u010dn\u00ed melodie, toto hudebn\u00ed trio sd\u00edl\u00ed svou hudbu s v\u00fdjime\u010dnou energi\u00ed a v\u00e1\u0161n\u00ed. Ula Kapa\u0142a, kter\u00e1 \u017eila mnoho let v Dublinu, je jedn\u00edm [&hellip;]","og_url":"https:\/\/www.keltska-noc.cz\/en\/project\/celtycki-wroclaw\/","og_site_name":"KELTSK\u00c1 NOC","article_publisher":"https:\/\/www.facebook.com\/keltskanocplumlov","article_modified_time":"2024-07-11T12:34:03+00:00","og_image":[{"width":1200,"height":1200,"url":"https:\/\/www.keltska-noc.cz\/wp-content\/uploads\/2023\/05\/f_Celtycki_Wroclaw_new.jpg","type":"image\/jpeg"}],"twitter_card":"summary_large_image","twitter_site":"@KeltskaPlumlov","twitter_misc":{"Estimated reading time":"1 minute"},"schema":{"@context":"https:\/\/schema.org","@graph":[{"@type":"WebPage","@id":"https:\/\/www.keltska-noc.cz\/project\/celtycki-wroclaw\/","url":"https:\/\/www.keltska-noc.cz\/project\/celtycki-wroclaw\/","name":"CELTYCKI WROCLAW - KELTSK\u00c1 NOC","isPartOf":{"@id":"https:\/\/www.keltska-noc.cz\/#website"},"primaryImageOfPage":{"@id":"https:\/\/www.keltska-noc.cz\/project\/celtycki-wroclaw\/#primaryimage"},"image":{"@id":"https:\/\/www.keltska-noc.cz\/project\/celtycki-wroclaw\/#primaryimage"},"thumbnailUrl":"https:\/\/www.keltska-noc.cz\/wp-content\/uploads\/2023\/05\/f_Celtycki_Wroclaw_new.jpg","datePublished":"2023-05-26T20:20:57+00:00","dateModified":"2024-07-11T12:34:03+00:00","breadcrumb":{"@id":"https:\/\/www.keltska-noc.cz\/project\/celtycki-wroclaw\/#breadcrumb"},"inLanguage":"en-GB","potentialAction":[{"@type":"ReadAction","target":["https:\/\/www.keltska-noc.cz\/project\/celtycki-wroclaw\/"]}]},{"@type":"ImageObject","inLanguage":"en-GB","@id":"https:\/\/www.keltska-noc.cz\/project\/celtycki-wroclaw\/#primaryimage","url":"https:\/\/www.keltska-noc.cz\/wp-content\/uploads\/2023\/05\/f_Celtycki_Wroclaw_new.jpg","contentUrl":"https:\/\/www.keltska-noc.cz\/wp-content\/uploads\/2023\/05\/f_Celtycki_Wroclaw_new.jpg","width":1200,"height":1200,"caption":"CELTYCKI WROCLAW"},{"@type":"BreadcrumbList","@id":"https:\/\/www.keltska-noc.cz\/project\/celtycki-wroclaw\/#breadcrumb","itemListElement":[{"@type":"ListItem","position":1,"name":"Home","item":"https:\/\/www.keltska-noc.cz\/"},{"@type":"ListItem","position":2,"name":"Projects","item":"https:\/\/www.keltska-noc.cz\/project\/"},{"@type":"ListItem","position":3,"name":"CELTYCKI WROCLAW"}]},{"@type":"WebSite","@id":"https:\/\/www.keltska-noc.cz\/#website","url":"https:\/\/www.keltska-noc.cz\/","name":"CELTIC NIGHT","description":"mezin\u00e1rodn\u00ed hudebn\u00ed festival","publisher":{"@id":"https:\/\/www.keltska-noc.cz\/#organization"},"potentialAction":[{"@type":"SearchAction","target":{"@type":"EntryPoint","urlTemplate":"https:\/\/www.keltska-noc.cz\/?s={search_term_string}"},"query-input":{"@type":"PropertyValueSpecification","valueRequired":true,"valueName":"search_term_string"}}],"inLanguage":"en-GB"},{"@type":"Organization","@id":"https:\/\/www.keltska-noc.cz\/#organization","name":"KELTSK\u00c1 NOC z.s.","url":"https:\/\/www.keltska-noc.cz\/","logo":{"@type":"ImageObject","inLanguage":"en-GB","@id":"https:\/\/www.keltska-noc.cz\/#\/schema\/logo\/image\/","url":"https:\/\/www.keltska-noc.cz\/wp-content\/uploads\/2023\/04\/CZ-LOGO.webp","contentUrl":"https:\/\/www.keltska-noc.cz\/wp-content\/uploads\/2023\/04\/CZ-LOGO.webp","width":227,"height":61,"caption":"KELTSK\u00c1 NOC z.s."},"image":{"@id":"https:\/\/www.keltska-noc.cz\/#\/schema\/logo\/image\/"},"sameAs":["https:\/\/www.facebook.com\/keltskanocplumlov","https:\/\/x.com\/KeltskaPlumlov"]}]}},"_links":{"self":[{"href":"https:\/\/www.keltska-noc.cz\/en\/wp-json\/wp\/v2\/project\/6072","targetHints":{"allow":["GET"]}}],"collection":[{"href":"https:\/\/www.keltska-noc.cz\/en\/wp-json\/wp\/v2\/project"}],"about":[{"href":"https:\/\/www.keltska-noc.cz\/en\/wp-json\/wp\/v2\/types\/project"}],"author":[{"embeddable":true,"href":"https:\/\/www.keltska-noc.cz\/en\/wp-json\/wp\/v2\/users\/1"}],"replies":[{"embeddable":true,"href":"https:\/\/www.keltska-noc.cz\/en\/wp-json\/wp\/v2\/comments?post=6072"}],"version-history":[{"count":7,"href":"https:\/\/www.keltska-noc.cz\/en\/wp-json\/wp\/v2\/project\/6072\/revisions"}],"predecessor-version":[{"id":6707,"href":"https:\/\/www.keltska-noc.cz\/en\/wp-json\/wp\/v2\/project\/6072\/revisions\/6707"}],"wp:featuredmedia":[{"embeddable":true,"href":"https:\/\/www.keltska-noc.cz\/en\/wp-json\/wp\/v2\/media\/6705"}],"wp:attachment":[{"href":"https:\/\/www.keltska-noc.cz\/en\/wp-json\/wp\/v2\/media?parent=6072"}],"wp:term":[{"taxonomy":"project_category","embeddable":true,"href":"https:\/\/www.keltska-noc.cz\/en\/wp-json\/wp\/v2\/project_category?post=6072"},{"taxonomy":"project_tag","embeddable":true,"href":"https:\/\/www.keltska-noc.cz\/en\/wp-json\/wp\/v2\/project_tag?post=6072"}],"curies":[{"name":"wp","href":"https:\/\/api.w.org\/{rel}","templated":true}]}}